{"id":141,"date":"2017-05-05T10:13:12","date_gmt":"2017-05-05T08:13:12","guid":{"rendered":"https:\/\/arquitectosdejaen.es\/?page_id=141"},"modified":"2022-10-13T08:55:30","modified_gmt":"2022-10-13T06:55:30","slug":"medios","status":"publish","type":"page","link":"https:\/\/arquitectosdejaen.es\/?page_id=141","title":{"rendered":"MEDIOS DE COMUNICACION Y NOTICIAS"},"content":{"rendered":"<p>[et_pb_section fb_built=\u00bb1&#8243; _builder_version=\u00bb4.16&#8243; global_colors_info=\u00bb{}\u00bb][et_pb_row _builder_version=\u00bb4.16&#8243; background_size=\u00bbinitial\u00bb background_position=\u00bbtop_left\u00bb background_repeat=\u00bbrepeat\u00bb collapsed=\u00bboff\u00bb global_colors_info=\u00bb{}\u00bb][et_pb_column type=\u00bb4_4&#8243; _builder_version=\u00bb4.16&#8243; custom_padding=\u00bb|||\u00bb global_colors_info=\u00bb{}\u00bb custom_padding__hover=\u00bb|||\u00bb][et_pb_text _builder_version=\u00bb4.18.0&#8243; background_size=\u00bbinitial\u00bb background_position=\u00bbtop_left\u00bb background_repeat=\u00bbrepeat\u00bb hover_enabled=\u00bb0&#8243; global_colors_info=\u00bb{}\u00bb sticky_enabled=\u00bb0&#8243;]<\/p>\n<p>&nbsp;<\/p>\n<h2 class=\"titulo-oscuro\">Presencia en medios de comunicaci\u00f3n y noticias<i class=\"linea-roja\"><\/i><\/h2>\n<p class=\"menu-interior\" align=\"center\"><a href=\"https:\/\/arquitectosdejaen.es\/?page_id=201\">PROGRAMAS RADIOF\u00d3NICOS CON COPE<\/a><br \/><a href=\"https:\/\/arquitectosdejaen.es\/?page_id=3513\">PROGRAMAS RADIOF\u00d3NICOS CON ONDA CERO<\/a><br \/><a href=\"https:\/\/arquitectosdejaen.es\/?page_id=3501\">PROGRAMAS DE TELEVISI\u00d3N EN ONDAJA\u00c9N RTV<\/a><br \/><a href=\"https:\/\/arquitectosdejaen.es\/?page_id=1328\">REDES SOCIALES<\/a><br \/><a href=\"https:\/\/arquitectosdejaen.es\/?page_id=810\">HEMEROTECA<\/a><\/p>\n<p>[\/et_pb_text][et_pb_blog fullwidth=\u00bboff\u00bb include_categories=\u00bb8,9,3&#8243; show_author=\u00bboff\u00bb show_date=\u00bboff\u00bb show_categories=\u00bboff\u00bb show_excerpt=\u00bboff\u00bb _builder_version=\u00bb4.16&#8243; header_font=\u00bb|600|||||||\u00bb header_font_size=\u00bb15px\u00bb header_line_height=\u00bb1.6em\u00bb custom_css_title=\u00bbmin-height: 130px;||margin-top: -10px;||margin-bottom: -50px;\u00bb global_colors_info=\u00bb{}\u00bb][\/et_pb_blog][\/et_pb_column][\/et_pb_row][\/et_pb_section]<\/p>\n","protected":false},"excerpt":{"rendered":"<p>&nbsp; Presencia en medios de comunicaci\u00f3n y noticias PROGRAMAS RADIOF\u00d3NICOS CON COPEPROGRAMAS RADIOF\u00d3NICOS CON ONDA CEROPROGRAMAS DE TELEVISI\u00d3N EN ONDAJA\u00c9N RTVREDES SOCIALESHEMEROTECA<\/p>\n","protected":false},"author":1,"featured_media":0,"parent":0,"menu_order":0,"comment_status":"closed","ping_status":"closed","template":"","meta":{"_et_pb_use_builder":"on","_et_pb_old_content":"<p>[vc_row full_width=\"stretch_row\"][vc_column][vc_row_inner][vc_column_inner el_class=\"actualidad conten\"][vc_column_text]<\/p><h2 class=\"titulo-oscuro\">Presencia en medios de comunicaci\u00f3n<i class=\"linea-roja\"><\/i><\/h2><p>[\/vc_column_text][vc_column_text]<\/p><p class=\"menu-interior\" align=\"center\"><a href=\"https:\/\/arquitectosdejaen.es\/radio\/\">RADIO<\/a><br \/><a href=\"https:\/\/arquitectosdejaen.es\/television\/\">TELEVISI\u00d3N<\/a><br \/><a href=\"https:\/\/arquitectosdejaen.es\/hemeroteca\/\">HEMEROTECA<\/a><\/p><p>[\/vc_column_text][vc_column_text]\u00a0[\/vc_column_text][\/vc_column_inner][\/vc_row_inner][\/vc_column][\/vc_row]<\/p>","_et_gb_content_width":"","footnotes":""},"class_list":["post-141","page","type-page","status-publish","hentry"],"_links":{"self":[{"href":"https:\/\/arquitectosdejaen.es\/index.php?rest_route=\/wp\/v2\/pages\/141","targetHints":{"allow":["GET"]}}],"collection":[{"href":"https:\/\/arquitectosdejaen.es\/index.php?rest_route=\/wp\/v2\/pages"}],"about":[{"href":"https:\/\/arquitectosdejaen.es\/index.php?rest_route=\/wp\/v2\/types\/page"}],"author":[{"embeddable":true,"href":"https:\/\/arquitectosdejaen.es\/index.php?rest_route=\/wp\/v2\/users\/1"}],"replies":[{"embeddable":true,"href":"https:\/\/arquitectosdejaen.es\/index.php?rest_route=%2Fwp%2Fv2%2Fcomments&post=141"}],"version-history":[{"count":52,"href":"https:\/\/arquitectosdejaen.es\/index.php?rest_route=\/wp\/v2\/pages\/141\/revisions"}],"predecessor-version":[{"id":5380,"href":"https:\/\/arquitectosdejaen.es\/index.php?rest_route=\/wp\/v2\/pages\/141\/revisions\/5380"}],"wp:attachment":[{"href":"https:\/\/arquitectosdejaen.es\/index.php?rest_route=%2Fwp%2Fv2%2Fmedia&parent=141"}],"curies":[{"name":"wp","href":"https:\/\/api.w.org\/{rel}","templated":true}]}}