{"id":3513,"date":"2020-05-25T12:52:23","date_gmt":"2020-05-25T10:52:23","guid":{"rendered":"https:\/\/arquitectosdejaen.es\/?page_id=3513"},"modified":"2020-06-04T14:27:13","modified_gmt":"2020-06-04T12:27:13","slug":"programas-radiofonicos-en-onda-cero","status":"publish","type":"page","link":"https:\/\/arquitectosdejaen.es\/?page_id=3513","title":{"rendered":"Programas radiof\u00f3nicos en Onda Cero"},"content":{"rendered":"<p>&nbsp;<\/p>\n<table class=\"cabecera\">\n<tbody>\n<tr>\n<td class=\"fila\" colspan=\"2\">\n<h2><strong>Programas radiof\u00f3nicos en Onda Cero.<\/strong><\/h2>\n<\/td>\n<\/tr>\n<tr>\n<td class=\"contenido\"><img decoding=\"async\" src=\"\/wp-content\/uploads\/OndaCero\/Cabecera_ProgramaRadio.jpg\" alt=\"Imagen del Coa Ja\u00e9n.\" \/><\/td>\n<td><\/td>\n<\/tr>\n<tr>\n<td class=\"fila\" colspan=\"2\"><strong>Espacio quincenal &#8216;Ciudad Abierta&#8217;.<\/strong><\/td>\n<\/tr>\n<\/tbody>\n<\/table>\n<h3><\/h3>\n<p>&nbsp;<\/p>\n<table class=\"lista\" style=\"width: 791px;\">\n<tbody>\n<tr>\n<td class=\"titulo2\" style=\"width: 96px;\"><span style=\"color: #808080;\"><strong>Fecha<\/strong><\/span><\/td>\n<td class=\"titulo2\" style=\"width: 679px;\"><span style=\"color: #808080;\"><strong>Tema<\/strong><\/span><\/td>\n<\/tr>\n<tr>\n<td class=\"ListaFecha\" style=\"width: 96px;\">23\/04\/2013<\/td>\n<td style=\"width: 679px;\"><a href=\"#SR1\">Programa inaugural desde el Colegio.<\/a><\/td>\n<\/tr>\n<tr>\n<td class=\"ListaFecha\" style=\"width: 96px;\">14\/05\/2013<\/td>\n<td style=\"width: 679px;\"><a href=\"#SR2\">&#8216;La certificaci\u00f3n energ\u00e9tica en el \u00e1mbito de la rehabilitaci\u00f3n de edificios&#8217;.<\/a><\/td>\n<\/tr>\n<tr>\n<td class=\"ListaFecha\" style=\"width: 96px;\">28\/05\/2013<\/td>\n<td style=\"width: 679px;\"><a href=\"#SR3\">&#8216;Las legalizaciones de las viviendas diseminadas en suelo no urbanizable&#8217;.<\/a><\/td>\n<\/tr>\n<tr>\n<td class=\"ListaFecha\" style=\"width: 96px;\">12\/06\/2013<\/td>\n<td style=\"width: 679px;\"><a href=\"#SR4\">&#8216;La Arquitectura en la Escuela&#8217;.<\/a><\/td>\n<\/tr>\n<tr>\n<td class=\"ListaFecha\" style=\"width: 96px;\">25\/06\/2013<\/td>\n<td style=\"width: 679px;\"><a href=\"#SR5\">&#8216;Ley de Servicios Profesiones&#8217;.<\/a><\/td>\n<\/tr>\n<tr>\n<td class=\"ListaFecha\" style=\"width: 96px;\">02\/07\/2013<\/td>\n<td style=\"width: 679px;\"><a href=\"#SR6\">&#8216;Inspecci\u00f3n T\u00e9cnica de Edificios&#8217;.<\/a><\/td>\n<\/tr>\n<tr>\n<td class=\"ListaFecha\" style=\"width: 96px;\">09\/07\/2013<\/td>\n<td style=\"width: 679px;\"><a href=\"#SR7\">Programa final de temporada.<\/a><\/td>\n<\/tr>\n<tr>\n<td class=\"ListaFecha\" style=\"width: 96px;\">10\/09\/2013<\/td>\n<td style=\"width: 679px;\"><a href=\"#SR8\">&#8216;V Taller Internacional de Paisaje y Urbanismo&#8217;.<\/a><\/td>\n<\/tr>\n<tr>\n<td class=\"ListaFecha\" style=\"width: 96px;\">24\/09\/2013<\/td>\n<td style=\"width: 679px;\"><a href=\"#SR9\">&#8216;Conclusiones del V Taller Internacional de Paisaje y Urbanismo&#8217;.<\/a><\/td>\n<\/tr>\n<tr>\n<td class=\"ListaFecha\" style=\"width: 96px;\">08\/10\/2013<\/td>\n<td style=\"width: 679px;\"><a href=\"#SR10\">&#8216;Rehabilitaci\u00f3n de Edificios Singulares&#8217;.<\/a><\/td>\n<\/tr>\n<tr>\n<td class=\"ListaFecha\" style=\"width: 96px;\">22\/10\/2013<\/td>\n<td style=\"width: 679px;\"><a href=\"#SR11\">&#8216;El Mantenimiento de los Edificios&#8217;.<\/a><\/td>\n<\/tr>\n<tr>\n<td class=\"ListaFecha\" style=\"width: 96px;\">05\/11\/2013<\/td>\n<td style=\"width: 679px;\"><a href=\"#SR12\">&#8216;Arquitectura Bioclim\u00e1tica &#8211; Arquitectura Sostenible&#8217;.<\/a><\/td>\n<\/tr>\n<tr>\n<td class=\"ListaFecha\" style=\"width: 96px;\">19\/11\/2013<\/td>\n<td style=\"width: 679px;\"><a href=\"#SR13\">&#8216;El Mantenimiento de los Edificios &#8211; Humedades&#8217;.<\/a><\/td>\n<\/tr>\n<tr>\n<td class=\"ListaFecha\" style=\"width: 96px;\">03\/12\/2013<\/td>\n<td style=\"width: 679px;\"><a href=\"#SR14\">&#8216;El Urbanismo en los Peque\u00f1os Municipios&#8217;.<\/a><\/td>\n<\/tr>\n<tr>\n<td class=\"ListaFecha\" style=\"width: 96px;\">16\/12\/2013<\/td>\n<td style=\"width: 679px;\">\u00a0&#8216;Los Planes de Movilidad Sostenible&#8217; (No disponible).<\/td>\n<\/tr>\n<tr>\n<td class=\"ListaFecha\" style=\"width: 96px;\">13\/01\/2014<\/td>\n<td style=\"width: 679px;\"><a href=\"#SR16\">&#8216;La Arquitectura y Urbanismo Accesibles&#8217;.<\/a><\/td>\n<\/tr>\n<tr>\n<td class=\"ListaFecha\" style=\"width: 96px;\">03\/02\/2014<\/td>\n<td style=\"width: 679px;\"><a href=\"#SR17\">&#8216;El Mantenimiento de los Edificios. Las Fachadas&#8217;.<\/a><\/td>\n<\/tr>\n<tr>\n<td class=\"ListaFecha\" style=\"width: 96px;\">17\/02\/2014<\/td>\n<td style=\"width: 679px;\"><a href=\"#SR18\">&#8216;La Arquitectura y la Industria del Aceite&#8217;.<\/a><\/td>\n<\/tr>\n<tr>\n<td class=\"ListaFecha\" style=\"width: 96px;\">03\/03\/2014<\/td>\n<td style=\"width: 679px;\"><a href=\"#SR19\">&#8216;Arquitectura en Tiempos de Crisis&#8217;.<\/a><\/td>\n<\/tr>\n<tr>\n<td class=\"ListaFecha\" style=\"width: 96px;\">17\/03\/2014<\/td>\n<td style=\"width: 679px;\"><a href=\"#SR20\">&#8216;Apoyo Presidente CSCAE a la Catedral de Ja\u00e9n, Patrimonio de la Humanidad y Estado de la Profesi\u00f3n&#8217;.<\/a><\/td>\n<\/tr>\n<tr>\n<td class=\"ListaFecha\" style=\"width: 96px;\">04\/04\/2014<\/td>\n<td style=\"width: 679px;\"><a href=\"#SR21\">&#8216;Arquitectura y Ciudad Sostenible. Eficiencia Energ\u00e9tica, Rehabilitaci\u00f3n y Mantenimiento&#8217;.<\/a><\/td>\n<\/tr>\n<tr>\n<td class=\"ListaFecha\" style=\"width: 96px;\">21\/04\/2014<\/td>\n<td style=\"width: 679px;\"><a href=\"#SR22\">&#8216;Arquitectura Industrial \u2013 Mercado de Abastos en la Provincia de Ja\u00e9n&#8217;.<\/a><\/td>\n<\/tr>\n<tr>\n<td class=\"ListaFecha\" style=\"width: 96px;\">05\/05\/2014<\/td>\n<td style=\"width: 679px;\"><a href=\"#SR23\">&#8216;Los Espacios Libres en la Ciudad&#8217;.<\/a><\/td>\n<\/tr>\n<tr>\n<td class=\"ListaFecha\" style=\"width: 96px;\">19\/05\/2014<\/td>\n<td style=\"width: 679px;\"><a href=\"#SR24\">&#8216;La Arquitectura en el Papel&#8217;.<\/a><\/td>\n<\/tr>\n<tr>\n<td class=\"ListaFecha\" style=\"width: 96px;\">09\/06\/2014<\/td>\n<td style=\"width: 679px;\"><a href=\"#SR25\">&#8216;Tertulia Abierta&#8217;.<\/a><\/td>\n<\/tr>\n<tr>\n<td class=\"ListaFecha\" style=\"width: 96px;\">30\/06\/2014<\/td>\n<td style=\"width: 679px;\"><a href=\"#SR26\">&#8216;El Mantenimiento de los Edificios Vacacionales&#8217;.<\/a><\/td>\n<\/tr>\n<tr>\n<td class=\"ListaFecha\" style=\"width: 96px;\">09\/10\/2014<\/td>\n<td style=\"width: 679px;\">\u00a0&#8216;D\u00eda Mundial de la Arquitectura&#8217; (No disponible).<\/td>\n<\/tr>\n<tr>\n<td class=\"ListaFecha\" style=\"width: 96px;\">20\/10\/2014<\/td>\n<td style=\"width: 679px;\"><a href=\"#SR28\">&#8216;El Mantenimiento de los Edificios Comunitarios&#8217;.<\/a><\/td>\n<\/tr>\n<tr>\n<td class=\"ListaFecha\" style=\"width: 96px;\">03\/11\/2014<\/td>\n<td style=\"width: 679px;\"><a href=\"#SR29\">&#8216;D\u00eda Mundial de las Ciudades&#8217;.<\/a><\/td>\n<\/tr>\n<tr>\n<td class=\"ListaFecha\" style=\"width: 96px;\">17\/11\/2014<\/td>\n<td style=\"width: 679px;\"><a href=\"#SR30\">&#8216;La Accesibilidad en los Edificios Existentes&#8217;.<\/a><\/td>\n<\/tr>\n<tr>\n<td class=\"ListaFecha\" style=\"width: 96px;\">01\/12\/2014<\/td>\n<td style=\"width: 679px;\"><a href=\"#SR31\">&#8216;Las viviendas construidas en suelo no urbanizable &#8211; Los AFOs&#8217;.<\/a><\/td>\n<\/tr>\n<tr>\n<td class=\"ListaFecha\" style=\"width: 96px;\">16\/12\/2014<\/td>\n<td style=\"width: 679px;\"><a href=\"#SR32\">&#8216;Las viviendas construidas en suelo no urbanizable &#8211; Los AFOs II&#8217;.<\/a><\/td>\n<\/tr>\n<tr>\n<td class=\"ListaFecha\" style=\"width: 96px;\">12\/01\/2015<\/td>\n<td style=\"width: 679px;\"><a href=\"#SR33\">&#8216;Las Obras en los Edificios de Viviendas&#8217;.<\/a><\/td>\n<\/tr>\n<tr>\n<td class=\"ListaFecha\" style=\"width: 96px;\">26\/01\/2015<\/td>\n<td style=\"width: 679px;\"><a href=\"#SR34\">&#8216;Las Obras en los Edificios de Viviendas II&#8217;.<\/a><\/td>\n<\/tr>\n<tr>\n<td class=\"ListaFecha\" style=\"width: 96px;\">09\/02\/2015<\/td>\n<td style=\"width: 679px;\"><a href=\"#SR35\">&#8216;Arquitectura Defensiva y Militar en la Provincia de Ja\u00e9n. XXV Concurso de Fotograf\u00eda&#8217;.<\/a><\/td>\n<\/tr>\n<tr>\n<td class=\"ListaFecha\" style=\"width: 96px;\">23\/02\/2015<\/td>\n<td style=\"width: 679px;\"><a href=\"#SR36\">&#8216;Las Piscinas de Uso Colectivo&#8217;.<\/a><\/td>\n<\/tr>\n<tr>\n<td class=\"ListaFecha\" style=\"width: 96px;\">09\/03\/2015<\/td>\n<td style=\"width: 679px;\"><a href=\"#SR37\">&#8216;Colegio Abierto&#8217;.<\/a><\/td>\n<\/tr>\n<tr>\n<td class=\"ListaFecha\" style=\"width: 96px;\">23\/03\/2015<\/td>\n<td style=\"width: 679px;\"><a href=\"#SR38\">&#8216;Gu\u00edas de Asesoramiento Ciudadano del Coa Ja\u00e9n&#8217;.<\/a><\/td>\n<\/tr>\n<tr>\n<td class=\"ListaFecha\" style=\"width: 96px;\">06\/04\/2015<\/td>\n<td style=\"width: 679px;\"><a href=\"#SR39\">&#8216;Incorporaci\u00f3n de nuevos colegiados al Coa Ja\u00e9n&#8217;.<\/a><\/td>\n<\/tr>\n<tr>\n<td class=\"ListaFecha\" style=\"width: 96px;\">20\/04\/2015<\/td>\n<td style=\"width: 679px;\"><a href=\"#SR40\">&#8216;Premio Provincial de Arquitectura 2015 Andr\u00e9s de Vandelvira&#8217;.<\/a><\/td>\n<\/tr>\n<tr>\n<td class=\"ListaFecha\" style=\"width: 96px;\">11\/05\/2015<\/td>\n<td style=\"width: 679px;\">\u00a0&#8216;2 a\u00f1os de Ciudad Abierta y 40 programas&#8217; (No disponible).<\/td>\n<\/tr>\n<tr>\n<td class=\"ListaFecha\" style=\"width: 96px;\">25\/05\/2015<\/td>\n<td style=\"width: 679px;\">\u00a0&#8216;Tertulia Abierta. Mesa Redonda: Ja\u00e9n, Nuestra Ciudad.&#8217; (No disponible).<\/td>\n<\/tr>\n<tr>\n<td class=\"ListaFecha\" style=\"width: 96px;\">08\/06\/2015<\/td>\n<td style=\"width: 679px;\">\u00a0&#8216;La Vivienda Dom\u00f3tica&#8217; (No disponible).<\/td>\n<\/tr>\n<tr>\n<td class=\"ListaFecha\" style=\"width: 96px;\">22\/06\/2015<\/td>\n<td style=\"width: 679px;\">\u00a0&#8216;Ha llegado el Verano. El mantenimiento de los edificios en \u00e9poca estival (No disponible).<\/td>\n<\/tr>\n<tr>\n<td class=\"ListaFecha\" style=\"width: 96px;\">05\/10\/2015<\/td>\n<td style=\"width: 679px;\"><a href=\"#SR45\">&#8216;D\u00eda Mundial de la Arquitectura: Arquitectura, Construcci\u00f3n y Clima&#8217;.<\/a><\/td>\n<\/tr>\n<tr>\n<td class=\"ListaFecha\" style=\"width: 96px;\">20\/10\/2015<\/td>\n<td style=\"width: 679px;\">\u00a0&#8216;DOCOMOMO. Placa conmemorativa en Miraelrio&#8217; (No disponible).<\/td>\n<\/tr>\n<tr>\n<td class=\"ListaFecha\" style=\"width: 96px;\">03\/11\/2015<\/td>\n<td style=\"width: 679px;\">\u00a0&#8216;El Ja\u00e9n Monumental&#8217; (No disponible).<\/td>\n<\/tr>\n<tr>\n<td class=\"ListaFecha\" style=\"width: 96px;\">17\/11\/2015<\/td>\n<td style=\"width: 679px;\"><a href=\"#SR48\">&#8216;Una nueva mirada al tranv\u00eda&#8217;.<\/a><\/td>\n<\/tr>\n<tr>\n<td class=\"ListaFecha\" style=\"width: 96px;\">01\/12\/2015<\/td>\n<td style=\"width: 679px;\"><a href=\"#SR49\">&#8216;El Arquitecto: Mediador de conflictos&#8217;.<\/a><\/td>\n<\/tr>\n<tr>\n<td class=\"ListaFecha\" style=\"width: 96px;\">15\/12\/2015<\/td>\n<td style=\"width: 679px;\"><a href=\"#SR50\">&#8216;Viviendas: Mantenimiento, ahorro y seguridad durante la Navidad&#8217;.<\/a><\/td>\n<\/tr>\n<tr>\n<td class=\"ListaFecha\" style=\"width: 96px;\">26\/01\/2016<\/td>\n<td style=\"width: 679px;\"><a href=\"#SR51\">&#8216;Arquitectura y Cooperaci\u00f3n al Desarrollo&#8217;.<\/a><\/td>\n<\/tr>\n<tr>\n<td class=\"ListaFecha\" style=\"width: 96px;\">09\/02\/2016<\/td>\n<td style=\"width: 679px;\"><a href=\"#SR52\">&#8216;Arquitectura y su relaci\u00f3n con el resto de Artes&#8217;.<\/a><\/td>\n<\/tr>\n<tr>\n<td class=\"ListaFecha\" style=\"width: 96px;\">23\/02\/2016<\/td>\n<td style=\"width: 679px;\"><a href=\"#SR53\">&#8216;Arquitectura Accesible&#8217;.<\/a><\/td>\n<\/tr>\n<tr>\n<td class=\"ListaFecha\" style=\"width: 96px;\">08\/03\/2016<\/td>\n<td style=\"width: 679px;\"><a href=\"#SR54\">&#8216;La Gesti\u00f3n de la Seguridad de las Actividades&#8217;.<\/a><\/td>\n<\/tr>\n<tr>\n<td class=\"ListaFecha\" style=\"width: 96px;\">29\/03\/2016<\/td>\n<td style=\"width: 679px;\"><a href=\"#SR55\">&#8216;El Colegio Oficial de Arquitectos de Ja\u00e9n al servicio del ciudadano&#8217;.<\/a><\/td>\n<\/tr>\n<tr>\n<td class=\"ListaFecha\" style=\"width: 96px;\">12\/04\/2016<\/td>\n<td style=\"width: 679px;\"><a href=\"#SR56\">&#8216;El P.G.O.U. de Ja\u00e9n&#8217;.<\/a><\/td>\n<\/tr>\n<tr>\n<td class=\"ListaFecha\" style=\"width: 96px;\">10\/05\/2016<\/td>\n<td style=\"width: 679px;\"><a href=\"#SR57\">&#8216;PGOU: Estrategias de implantaci\u00f3n de nuevos equipamientos&#8217;.<\/a><\/td>\n<\/tr>\n<tr>\n<td class=\"ListaFecha\" style=\"width: 96px;\">24\/05\/2016<\/td>\n<td style=\"width: 679px;\"><a href=\"#SR58\">&#8216;El nuevo PGOU, Los Asentamientos en SNU&#8217;.<\/a><\/td>\n<\/tr>\n<tr>\n<td class=\"ListaFecha\" style=\"width: 96px;\">07\/06\/2016<\/td>\n<td style=\"width: 679px;\"><a href=\"#SR59\">&#8216;El PGOU de Ja\u00e9n. Desarrollos residenciales, nuevas tipolog\u00edas&#8217;.<\/a><\/td>\n<\/tr>\n<tr>\n<td class=\"ListaFecha\" style=\"width: 96px;\">21\/06\/2016<\/td>\n<td style=\"width: 679px;\"><a href=\"#SR60\">&#8216;Presentaci\u00f3n del I Congreso Internacional sobre Patrimonio Arquitect\u00f3nico en la Provincia de Ja\u00e9n&#8217;.<\/a><\/td>\n<\/tr>\n<\/tbody>\n<\/table>\n<p>&nbsp;<\/p>\n<p><a name=\"SR0\"><\/a><\/p>\n<h3>Cu\u00f1as en Onda Cero.<\/h3>\n<p>Cu\u00f1a &#8216;Patrocinio de la actualidad&#8217;:<br \/>\n<audio preload=\"metadata\" controls=\"controls\"><source src=\"\/wp-content\/uploads\/OndaCero\/0.0_CU\u00d1A_PATROCINIO_DE_LA_ACTUALIDAD.mp3\" type=\"audio\/mpeg\" \/><span class=\"nuevo\"><span class=\"nuevo\">Su navegador no soporta el audio.<\/span><\/span><\/audio><\/p>\n<p>Cu\u00f1a &#8216;Apoyo a la Catedral de Ja\u00e9n&#8217;:<br \/>\n<audio preload=\"metadata\" controls=\"controls\"><span data-mce-type=\"bookmark\" style=\"display: inline-block; width: 0px; overflow: hidden; line-height: 0;\" class=\"mce_SELRES_start\">\ufeff<\/span><source src=\"\/wp-content\/uploads\/OndaCero\/0.1_CU\u00d1A_APOYO_A_LA_CATEDRAL_DE_JAEN.mp3\" type=\"audio\/mpeg\" \/><span class=\"nuevo\"><span class=\"nuevo\">Su navegador no soporta el audio.<\/span><\/span><\/audio><\/p>\n<p>Cu\u00f1a &#8216;Promoci\u00f3n trabajo de los Arquitectos&#8217;:<br \/>\n<audio preload=\"metadata\" controls=\"controls\"><source src=\"\/wp-content\/uploads\/OndaCero\/0.2_CU\u00d1A_PROMOCION_TRABAJO_DE_LOS_ARQUITECTOS.mp3\" type=\"audio\/mpeg\" \/><span class=\"nuevo\"><span class=\"nuevo\">Su navegador no soporta el audio.<\/span><\/span><\/audio><\/p>\n<p>Cu\u00f1a &#8216;Navidad&#8217;:<br \/>\n<audio preload=\"metadata\" controls=\"controls\"><source src=\"\/wp-content\/uploads\/OndaCero\/0.3_CU\u00d1A_ARQUITECTOS_NAVIDAD.mp3\" type=\"audio\/mpeg\" \/><span class=\"nuevo\"><span class=\"nuevo\">Su navegador no soporta el audio.<\/span><\/span><\/audio><\/p>\n<hr \/>\n<p><a name=\"SR1\"><\/a><br \/>\n<span class=\"date\">23 de abril de 2013<\/span><\/p>\n<h3>Programa inaugural desde el Colegio.<\/h3>\n<div class=\"thumbnail\"><a title=\"Programa inaugural desde el Colegio - 23 de abril de 2013.\" href=\"Imagenes\/01_ProgramaRadio_Foto.jpg\" rel=\"lightbox[roadtrip]\"><br \/>\n<img decoding=\"async\" class=\"margen\" src=\"\/wp-content\/uploads\/OndaCero\/01_ProgramaRadio.jpg\" \/> <\/a><\/div>\n<div class=\"sidethumb\">\n<p>1\u00aa parte:<br \/>\n&#8211; Laureano Matas Trenas, Vicedecano del Colegio de Arquitectos de Ja\u00e9n.<br \/>\n&#8211; Pedro Galera, Director Consejero del Instituto de Estudios Giennenses.<br \/>\n&#8211; Francisco Javier M\u00e1rquez S\u00e1nchez, Concejal Delegado de Urbanismo y Empleo.<\/p>\n<p><a href=\"http:\/\/www.coajaen.org\/inicio\/programas_radio_reproducir.asp?Numero=1.1\"><img decoding=\"async\" class=\"margen\" src=\"\/wp-content\/uploads\/OndaCero\/Play.png\" alt=\"\" \/><\/a><\/p>\n<p>2\u00aa parte:<br \/>\n&#8211; Francisco Javier M\u00e1rquez S\u00e1nchez, Concejal Delegado de Urbanismo y Empleo.<br \/>\n&#8211; Laureano Matas Trenas, Coordinador del P.G.O.U. de Ja\u00e9n.<br \/>\n&#8211; Luis Berg\u00e9s Roldan, Arquitecto, Premio Europa Nostra.<\/p>\n<p><a href=\"http:\/\/www.coajaen.org\/inicio\/programas_radio_reproducir.asp?Numero=1.2\"><img decoding=\"async\" class=\"margen\" src=\"\/wp-content\/uploads\/OndaCero\/Play.png\" alt=\"\" \/><\/a><\/p>\n<p>3\u00aa parte:<br \/>\n&#8211; Laureano Matas Trenas, Vicedecano del Colegio de Arquitectos de Ja\u00e9n.<br \/>\n&#8211; Pablo Carazo Mart\u00ednez, Vocal del Colegio de Arquitectos de Ja\u00e9n.<br \/>\n&#8211; Miguel \u00c1ngel Berg\u00e9s Casas.<br \/>\n&#8211; Antonio \u00c1ngel Rodr\u00edguez Serrano, Arquitecto.<br \/>\n&#8211; Jes\u00fas Estepa Rubio, Arquitecto, Vocal de cultura del Colegio de Arquitectos de Ja\u00e9n.<\/p>\n<p><a href=\"http:\/\/www.coajaen.org\/inicio\/programas_radio_reproducir.asp?Numero=1.3\"><img decoding=\"async\" class=\"margen\" src=\"\/wp-content\/uploads\/OndaCero\/Play.png\" alt=\"\" \/><\/a><\/p>\n<\/div>\n<hr \/>\n<p><a name=\"SR2\"><\/a><br \/>\n<span class=\"date\">14 de mayo de 2013<\/span><\/p>\n<h3>&#8216;La certificaci\u00f3n energ\u00e9tica en el \u00e1mbito de la rehabilitaci\u00f3n de edificios&#8217;.<\/h3>\n<div class=\"thumbnail\"><img decoding=\"async\" class=\"margen\" src=\"\/wp-content\/uploads\/OndaCero\/02_ProgramaRadio.jpg\" alt=\"\" \/><\/div>\n<div class=\"sidethumb\">\n<p>Asistentes:<br \/>\n&#8211; David Rodr\u00edguez Gil, Arquitecto, especialista en certificaci\u00f3n energ\u00e9tica de edificios.<br \/>\n&#8211; Miguel Mart\u00ednez, Arquitecto, vocal de formaci\u00f3n del Coajaen.<br \/>\n&#8211; Jes\u00fas Estepa Rubio, Arquitecto, vocal de actividades y cultura del Coajaen.<\/p>\n<p><a href=\"http:\/\/www.coajaen.org\/inicio\/programas_radio_reproducir.asp?Numero=2\"><img decoding=\"async\" class=\"margen\" src=\"\/wp-content\/uploads\/OndaCero\/Play.png\" alt=\"\" \/><\/a><\/p>\n<\/div>\n<hr \/>\n<p><a name=\"SR3\"><\/a><br \/>\n<span class=\"date\">28 de mayo de 2013<\/span><\/p>\n<h3>&#8216;Las legalizaciones de las viviendas diseminadas en suelo no urbanizable&#8217;.<\/h3>\n<div class=\"thumbnail\"><img decoding=\"async\" class=\"margen\" src=\"\/wp-content\/uploads\/OndaCero\/03_ProgramaRadio.jpg\" alt=\"\" \/><\/div>\n<div class=\"sidethumb\">\n<p>Asistentes:<br \/>\n&#8211; Rafael Hayas L\u00f3pez, Arquitecto municipal de Fuerte del Rey.<br \/>\n&#8211; Javier Berm\u00fadez Carrillo, Alcalde de Siles.<br \/>\n&#8211; Laureano Matas Trenas, Arquitecto urbanista, coordinador del P.G.O.U. de Ja\u00e9n.<\/p>\n<p><a href=\"http:\/\/www.coajaen.org\/inicio\/programas_radio_reproducir.asp?Numero=3\"><img decoding=\"async\" class=\"margen\" src=\"\/wp-content\/uploads\/OndaCero\/Play.png\" alt=\"\" \/><\/a><\/p>\n<\/div>\n<hr \/>\n<p><a name=\"SR4\"><\/a><br \/>\n<span class=\"date\">12 de junio de 2013<\/span><\/p>\n<h3>&#8216;La Arquitectura en la Escuela&#8217;.<\/h3>\n<div class=\"thumbnail\"><img decoding=\"async\" class=\"margen\" src=\"\/wp-content\/uploads\/OndaCero\/04_ProgramaRadio.jpg\" alt=\"\" \/><\/div>\n<div class=\"sidethumb\">\n<p>Asistentes:<br \/>\n&#8211; M\u00aa Isabel Rodr\u00edguez Jim\u00e9nez, Arquitecto, responsable del taller \u2018El Rinc\u00f3n de la Arquitectura\u2019.<br \/>\n&#8211; \u00c1ngel Llavero Teruel, Director del colegio p\u00fablico \u2018C\u00e1ndido Nogales\u2019.<br \/>\n&#8211; Salvador y Encarna, padres de Jorge (5 a\u00f1os), alumno del Taller.<\/p>\n<p><a href=\"http:\/\/www.coajaen.org\/inicio\/programas_radio_reproducir.asp?Numero=4\"><img decoding=\"async\" class=\"margen\" src=\"\/wp-content\/uploads\/OndaCero\/Play.png\" alt=\"\" \/><\/a><\/p>\n<\/div>\n<hr \/>\n<p><a name=\"SR5\"><\/a><br \/>\n<span class=\"date\">25 de junio de 2013<\/span><\/p>\n<h3>&#8216;Ley de Servicios Profesiones&#8217;.<\/h3>\n<div class=\"thumbnail\"><img decoding=\"async\" class=\"margen\" src=\"\/wp-content\/uploads\/OndaCero\/05_ProgramaRadio.jpg\" alt=\"\" \/><\/div>\n<div class=\"sidethumb\">\n<p>Asistentes:<br \/>\n&#8211; Arturo Vargas-Machuca Caballero, Decano del Colegio de Arquitectos de Ja\u00e9n.<br \/>\n&#8211; Laureano Matas Trenas, Tesorero del Colegio de Arquitectos De Ja\u00e9n.<br \/>\n&#8211; Pedro Padilla Weigand, Arquitecto, desarrolla su profesi\u00f3n en la provincia de Ja\u00e9n.<\/p>\n<p><a href=\"http:\/\/www.coajaen.org\/inicio\/programas_radio_reproducir.asp?Numero=5\"><img decoding=\"async\" class=\"margen\" src=\"\/wp-content\/uploads\/OndaCero\/Play.png\" alt=\"\" \/><\/a><\/p>\n<\/div>\n<hr \/>\n<p><a name=\"SR6\"><\/a><br \/>\n<span class=\"date\">2 de julio de 2013<\/span><\/p>\n<h3>&#8216;Inspecci\u00f3n T\u00e9cnica de Edificios&#8217;.<\/h3>\n<div class=\"thumbnail\"><img decoding=\"async\" class=\"margen\" src=\"\/wp-content\/uploads\/OndaCero\/06_ProgramaRadio.jpg\" alt=\"\" \/><\/div>\n<div class=\"sidethumb\">\n<p>Asistentes:<br \/>\n&#8211; Manuel Rodr\u00edguez Sanz, Arquitecto, Gerente municipal de urbanismo del Ayto. de Ja\u00e9n.<br \/>\n&#8211; Blanca S\u00e1nchez Rivera, Arquitecta municipal del Excmo. Ayuntamiento de \u00dabeda.<br \/>\n&#8211; Miguel Mart\u00ednez, Arquitecto y Vocal de formaci\u00f3n del Colegio de Arquitectos de Ja\u00e9n.<\/p>\n<p><a href=\"http:\/\/www.coajaen.org\/inicio\/programas_radio_reproducir.asp?Numero=6\"><img decoding=\"async\" class=\"margen\" src=\"\/wp-content\/uploads\/OndaCero\/Play.png\" alt=\"\" \/><\/a><\/p>\n<\/div>\n<hr \/>\n<p><a name=\"SR7\"><\/a><br \/>\n<span class=\"date\">9 de julio de 2013<\/span><\/p>\n<h3>Programa final de temporada.<\/h3>\n<div class=\"thumbnail\"><img decoding=\"async\" class=\"margen\" src=\"\/wp-content\/uploads\/OndaCero\/07_ProgramaRadio.jpg\" alt=\"\" \/><\/div>\n<div class=\"sidethumb\">\n<p>Asistentes:<br \/>\n&#8211; M. \u00c1ngel Berg\u00e9s Casas, Arquitecto de la Oficina de Rehabilitaci\u00f3n del Casco Hist\u00f3rico.<br \/>\n&#8211; Blanca S\u00e1nchez Rivera, Arquitecta municipal del Excmo. Ayuntamiento de \u00dabeda.<br \/>\n&#8211; Antonio Ortega Suca, Doctor Arquitecto, conocedor e investigador de la Catedral de Ja\u00e9n.<\/p>\n<p><a href=\"http:\/\/www.coajaen.org\/inicio\/programas_radio_reproducir.asp?Numero=7\"><img decoding=\"async\" class=\"margen\" src=\"\/wp-content\/uploads\/OndaCero\/Play.png\" alt=\"\" \/><\/a><\/p>\n<\/div>\n<hr \/>\n<p><a name=\"SR8\"><\/a><br \/>\n<span class=\"date\">10 de septiembre de 2013<\/span><\/p>\n<h3>&#8216;V Taller Internacional de Paisaje y Urbanismo&#8217;.<\/h3>\n<div class=\"thumbnail\"><img decoding=\"async\" class=\"margen\" src=\"\/wp-content\/uploads\/OndaCero\/08_ProgramaRadio.jpg\" alt=\"\" \/><\/div>\n<div class=\"sidethumb\">\n<p>Asistentes:<br \/>\n&#8211; Pedro Galera, Director Consejero del Instituto de Estudios Giennenses.<br \/>\n&#8211; Jos\u00e9 Segu\u00ed, Arquitecto urbanista, Codirector del Taller.<br \/>\n&#8211; Juan Francisco Mart\u00ednez Rojas, De\u00e1n de la Catedral de Ja\u00e9n.<br \/>\n&#8211; Laureano Matas, Arquitecto, Codirector del Taller.<br \/>\n&#8211; Mar\u00eda Del Mar Shaw Morcillo, Diputada Provincial.<br \/>\n&#8211; Deniztuzcouglu, Arquitecta, alumna del Taller procedente de Estambul, Turqu\u00eda.<br \/>\n&#8211; Pedro C\u00e1mara, Arquitecto, Secretario del Colegio de Arquitectos de Ja\u00e9n.<\/p>\n<p><a href=\"http:\/\/www.coajaen.org\/inicio\/programas_radio_reproducir.asp?Numero=8\"><img decoding=\"async\" class=\"margen\" src=\"\/wp-content\/uploads\/OndaCero\/Play.png\" alt=\"\" \/><\/a><\/p>\n<\/div>\n<hr \/>\n<p><a name=\"SR9\"><\/a><br \/>\n<span class=\"date\">24 de septiembre de 2013<\/span><\/p>\n<h3>&#8216;Conclusiones del V Taller Internacional de Paisaje y Urbanismo&#8217;.<\/h3>\n<div class=\"thumbnail\"><a title=\"'Conclusiones del V Taller Internacional de Paisaje y Urbanismo' - 24 de septiembre de 2013.\" href=\"Imagenes\/09_ProgramaRadio_Foto.jpg\" rel=\"lightbox[roadtrip]\"><br \/>\n<img decoding=\"async\" class=\"margen\" src=\"\/wp-content\/uploads\/OndaCero\/09_ProgramaRadio.jpg\" \/> <\/a><\/div>\n<div class=\"sidethumb\">\n<p>Asistentes:<br \/>\n&#8211; Jos\u00e9 Segu\u00ed. Arquitecto urbanista, Codirector Del Taller.<br \/>\n&#8211; Francisco Mu\u00f1oz, Director de Marketing del Grupo Legrand.<br \/>\n&#8211; Antonio J. Garcia Anguita, Arquitecto, alumno del Taller.<br \/>\n&#8211; Juan Emilio Murcia, Arquitecto, alumno del Taller.<br \/>\n&#8211; Pedro C\u00e1mara, Arquitecto, Secretario del Colegio de<br \/>\nArquitectos de Ja\u00e9n.<\/p>\n<p><a href=\"http:\/\/www.coajaen.org\/inicio\/programas_radio_reproducir.asp?Numero=9\"><img decoding=\"async\" class=\"margen\" src=\"\/wp-content\/uploads\/OndaCero\/Play.png\" alt=\"\" \/><\/a><\/p>\n<\/div>\n<hr \/>\n<p><a name=\"SR10\"><\/a><br \/>\n<span class=\"date\">8 de octubre de 2013<\/span><\/p>\n<h3>&#8216;Rehabilitaci\u00f3n de Edificios Singulares&#8217;.<\/h3>\n<div class=\"thumbnail\"><a title=\"'Rehabilitaci\u00f3n de Edificios Singulares' - 8 de octubre de 2013.\" href=\"Imagenes\/10_ProgramaRadio_Foto.jpg\" rel=\"lightbox[roadtrip]\"><br \/>\n<img decoding=\"async\" class=\"margen\" src=\"\/wp-content\/uploads\/OndaCero\/10_ProgramaRadio.jpg\" \/> <\/a><\/div>\n<div class=\"sidethumb\">\n<p>Asistentes:<br \/>\n&#8211; Antonio Peral L\u00f3pez, Arquitecto, Departamento de Protecci\u00f3n del Patrimonio Hist\u00f3rico.<br \/>\n&#8211; Antonio Garc\u00eda Anguita, Arquitecto miembro de la Asociaci\u00f3n de Arquitectos de And\u00fajar.<br \/>\n&#8211; Fernando Jim\u00e9nez Parras, Arquitecto, colaborador con La Fundaci\u00f3n Docomomo Ib\u00e9rico.<br \/>\n&#8211; Ram\u00f3n Cano Piedra, Arquitecto municipal, trabaja para el Ayto. de And\u00fajar desde 1989.<\/p>\n<p><a href=\"http:\/\/www.coajaen.org\/inicio\/programas_radio_reproducir.asp?Numero=10\"><img decoding=\"async\" class=\"margen\" src=\"\/wp-content\/uploads\/OndaCero\/Play.png\" alt=\"\" \/><\/a><\/p>\n<\/div>\n<hr \/>\n<p><a name=\"SR11\"><\/a><br \/>\n<span class=\"date\">22 de octubre de 2013<\/span><\/p>\n<h3>&#8216;El Mantenimiento de los Edificios&#8217;.<\/h3>\n<div class=\"thumbnail\"><a title=\"'El Mantenimiento de los Edificios' - 22 de octubre de 2013.\" href=\"Imagenes\/11_ProgramaRadio_Foto.jpg\" rel=\"lightbox[roadtrip]\"><br \/>\n<img decoding=\"async\" class=\"margen\" src=\"\/wp-content\/uploads\/OndaCero\/11_ProgramaRadio.jpg\" \/> <\/a><\/div>\n<div class=\"sidethumb\">\n<p>Asistentes:<br \/>\n&#8211; Javier Milla L\u00f3pez, Arquitecto.<br \/>\n&#8211; Ram\u00f3n S\u00e1nchez Moreno, Arquitecto.<br \/>\n&#8211; Pedro C\u00e1mara Ramos, Arquitecto.<\/p>\n<p><a href=\"http:\/\/www.coajaen.org\/inicio\/programas_radio_reproducir.asp?Numero=11\"><img decoding=\"async\" class=\"margen\" src=\"\/wp-content\/uploads\/OndaCero\/Play.png\" alt=\"\" \/><\/a><\/p>\n<\/div>\n<hr \/>\n<p><a name=\"SR12\"><\/a><br \/>\n<span class=\"date\">5 de noviembre de 2013<\/span><\/p>\n<h3>&#8216;Arquitectura Bioclim\u00e1tica &#8211; Arquitectura Sostenible&#8217;.<\/h3>\n<div class=\"thumbnail\"><a title=\"'Arquitectura Bioclim\u00e1tica - Arquitectura Sostenible' - 5 de noviembre de 2013.\" href=\"Imagenes\/12_ProgramaRadio_Foto.jpg\" rel=\"lightbox[roadtrip]\"><br \/>\n<img decoding=\"async\" class=\"margen\" src=\"\/wp-content\/uploads\/OndaCero\/12_ProgramaRadio.jpg\" \/> <\/a><\/div>\n<div class=\"sidethumb\">\n<p>Asistentes:<br \/>\n&#8211; Jos\u00e9 Aranzana L\u00f3pez, Arquitecto.<br \/>\n&#8211; David Rodr\u00edguez Gil, Arquitecto.<br \/>\n&#8211; Antonio \u00c1ngel Rodr\u00edguez Serrano, Arquitecto.<br \/>\n&#8211; Pedro C\u00e1mara Ramos, Arquitecto.<\/p>\n<p><a href=\"http:\/\/www.coajaen.org\/inicio\/programas_radio_reproducir.asp?Numero=12\"><img decoding=\"async\" class=\"margen\" src=\"\/wp-content\/uploads\/OndaCero\/Play.png\" alt=\"\" \/><\/a><\/p>\n<\/div>\n<hr \/>\n<p><a name=\"SR13\"><\/a><br \/>\n<span class=\"date\">19 de noviembre de 2013<\/span><\/p>\n<h3>&#8216;El Mantenimiento de los Edificios &#8211; Humedades&#8217;.<\/h3>\n<div class=\"thumbnail\"><a title=\"'El Mantenimiento de los Edificios - Humedades' - 19 de noviembre de 2013.\" href=\"Imagenes\/13_ProgramaRadio_Foto.jpg\" rel=\"lightbox[roadtrip]\"><br \/>\n<img decoding=\"async\" class=\"margen\" src=\"\/wp-content\/uploads\/OndaCero\/13_ProgramaRadio.jpg\" \/> <\/a><\/div>\n<div class=\"sidethumb\">\n<p>Asistentes:<br \/>\n&#8211; Juan Vicente L\u00f3pez Maestro, Arquitecto.<br \/>\n&#8211; Julio \u00c1lvaro Mart\u00ednez, Arquitecto.<br \/>\n&#8211; Miguel Mart\u00ednez Padilla, Arquitecto.<\/p>\n<p><a href=\"http:\/\/www.coajaen.org\/inicio\/programas_radio_reproducir.asp?Numero=13\"><img decoding=\"async\" class=\"margen\" src=\"\/wp-content\/uploads\/OndaCero\/Play.png\" alt=\"\" \/><\/a><\/p>\n<\/div>\n<hr \/>\n<p><a name=\"SR14\"><\/a><br \/>\n<span class=\"date\">3 de diciembre de 2013<\/span><\/p>\n<h3>&#8216;El Urbanismo en los Peque\u00f1os Municipios&#8217;.<\/h3>\n<div class=\"thumbnail\"><a title=\"'El Urbanismo en los Peque\u00f1os Municipios' - 3 de diciembre de 2013.\" href=\"Imagenes\/14_ProgramaRadio_Foto.jpg\" rel=\"lightbox[roadtrip]\"><br \/>\n<img decoding=\"async\" class=\"margen\" src=\"\/wp-content\/uploads\/OndaCero\/14_ProgramaRadio.jpg\" \/> <\/a><\/div>\n<div class=\"sidethumb\">\n<p>Asistentes:<br \/>\n&#8211; Vicente Guzm\u00e1n L\u00f3pez, Arquitecto.<br \/>\n&#8211; Ram\u00f3n Cuenca Montes, Arquitecto.<br \/>\n&#8211; Rafael Hayas L\u00f3pez, Arquitecto.<\/p>\n<p><a href=\"http:\/\/www.coajaen.org\/inicio\/programas_radio_reproducir.asp?Numero=14\"><img decoding=\"async\" class=\"margen\" src=\"\/wp-content\/uploads\/OndaCero\/Play.png\" alt=\"\" \/><\/a><\/p>\n<\/div>\n<hr \/>\n<p><a name=\"SR16\"><\/a><br \/>\n<span class=\"date\">13 de enero de 2014<\/span><\/p>\n<h3>&#8216;La Arquitectura y Urbanismo Accesibles&#8217;.<\/h3>\n<div class=\"thumbnail\"><a title=\"'La Arquitectura y Urbanismo Accesibles' - 13 de enero de 2014.\" href=\"Imagenes\/16_ProgramaRadio_Foto.jpg\" rel=\"lightbox[roadtrip]\"><br \/>\n<img decoding=\"async\" class=\"margen\" src=\"\/wp-content\/uploads\/OndaCero\/16_ProgramaRadio.jpg\" \/> <\/a><\/div>\n<div class=\"sidethumb\">\n<p>Asistentes:<br \/>\n&#8211; Javier Milla L\u00f3pez, Arquitecto.<br \/>\n&#8211; Gregorio Li\u00e9bana Mart\u00ednez, Arquitecto.<br \/>\n&#8211; Jes\u00fas Estepa Rubio, Arquitecto.<br \/>\n&#8211; Pedro C\u00e1mara Ramos, Arquitecto.<\/p>\n<p><a href=\"http:\/\/www.coajaen.org\/inicio\/programas_radio_reproducir.asp?Numero=16\"><img decoding=\"async\" class=\"margen\" src=\"\/wp-content\/uploads\/OndaCero\/Play.png\" alt=\"\" \/><\/a><\/p>\n<\/div>\n<hr \/>\n<p><a name=\"SR17\"><\/a><br \/>\n<span class=\"date\">3 de febrero de 2014<\/span><\/p>\n<h3>&#8216;El Mantenimiento de los Edificios. Las Fachadas&#8217;.<\/h3>\n<div class=\"thumbnail\"><a title=\"'El Mantenimiento de los Edificios. Las Fachadas' - 3 de febrero de 2014.\" href=\"Imagenes\/17_ProgramaRadio_Foto.jpg\" rel=\"lightbox[roadtrip]\"><br \/>\n<img decoding=\"async\" class=\"margen\" src=\"\/wp-content\/uploads\/OndaCero\/17_ProgramaRadio.jpg\" \/> <\/a><\/div>\n<div class=\"sidethumb\">\n<p>Asistentes:<br \/>\n&#8211; Ram\u00f3n S\u00e1nchez Moreno, Arquitecto.<br \/>\n&#8211; Antonio \u00c1ngel Rodr\u00edguez Serrano, Arquitecto.<br \/>\n&#8211; Pedro C\u00e1mara Ramos, Arquitecto.<\/p>\n<p><a href=\"http:\/\/www.coajaen.org\/inicio\/programas_radio_reproducir.asp?Numero=17\"><img decoding=\"async\" class=\"margen\" src=\"\/wp-content\/uploads\/OndaCero\/Play.png\" alt=\"\" \/><\/a><\/p>\n<\/div>\n<hr \/>\n<p><a name=\"SR18\"><\/a><br \/>\n<span class=\"date\">17 de febrero de 2014<\/span><\/p>\n<h3>&#8216;La Arquitectura y la Industria del Aceite&#8217;.<\/h3>\n<div class=\"thumbnail\"><a title=\"'La Arquitectura y la Industria del Aceite' - 17 de febrero de 2014.\" href=\"Imagenes\/18_ProgramaRadio_Foto.jpg\" rel=\"lightbox[roadtrip]\"><br \/>\n<img decoding=\"async\" class=\"margen\" src=\"\/wp-content\/uploads\/OndaCero\/18_ProgramaRadio.jpg\" \/> <\/a><\/div>\n<div class=\"sidethumb\">\n<p>Asistentes:<br \/>\n&#8211; Jos\u00e9 Aranzana L\u00f3pez, Arquitecto.<br \/>\n&#8211; Pablo Carazo Mart\u00ednez de Anguita, Arquitecto.<br \/>\n&#8211; Pedro C\u00e1mara Ramos, Arquitecto.<\/p>\n<p><a href=\"http:\/\/www.coajaen.org\/inicio\/programas_radio_reproducir.asp?Numero=18\"><img decoding=\"async\" class=\"margen\" src=\"\/wp-content\/uploads\/OndaCero\/Play.png\" alt=\"\" \/><\/a><\/p>\n<\/div>\n<hr \/>\n<p><a name=\"SR19\"><\/a><br \/>\n<span class=\"date\">3 de marzo de 2014<\/span><\/p>\n<h3>&#8216;Arquitectura en Tiempos de Crisis&#8217;.<\/h3>\n<div class=\"thumbnail\"><a title=\"'Arquitectura en Tiempos de Crisis' - 3 de marzo de 2014.\" href=\"Imagenes\/19_ProgramaRadio_Foto.jpg\" rel=\"lightbox[roadtrip]\"><br \/>\n<img decoding=\"async\" class=\"margen\" src=\"\/wp-content\/uploads\/OndaCero\/19_ProgramaRadio.jpg\" \/> <\/a><\/div>\n<div class=\"sidethumb\">\n<p>Asistentes:<br \/>\n&#8211; Pablo Jes\u00fas Guti\u00e9rrez Calder\u00f3n, Arquitecto.<br \/>\n&#8211; Pablo Carazo Mart\u00ednez de Anguita, Arquitecto.<br \/>\n&#8211; Pedro C\u00e1mara Ramos, Arquitecto.<\/p>\n<p><a href=\"http:\/\/www.coajaen.org\/inicio\/programas_radio_reproducir.asp?Numero=19\"><img decoding=\"async\" class=\"margen\" src=\"\/wp-content\/uploads\/OndaCero\/Play.png\" alt=\"\" \/><\/a><\/p>\n<\/div>\n<hr \/>\n<p><a name=\"SR20\"><\/a><br \/>\n<span class=\"date\">17 de marzo de 2014<\/span><\/p>\n<h3>&#8216;Apoyo Presidente CSCAE a la Catedral de Ja\u00e9n, Patrimonio de la Humanidad y Estado de la Profesi\u00f3n&#8217;.<\/h3>\n<div class=\"thumbnail\"><!--\n<a href=\"Imagenes\/20_ProgramaRadio_Foto.jpg\" rel=\"lightbox[roadtrip]\" title=\"'Apoyo Presidente CSCAE a la Catedral de Ja\u00e9n, Patrimonio de la Humanidad y Estado de la Profesi\u00f3n' - 17 de marzo de 2014.\">\n<img decoding=\"async\" class=\"margen\" src=\"\/wp-content\/uploads\/OndaCero\/20_ProgramaRadio.jpg\" > <\/a>\n--><\/div>\n<div class=\"sidethumb\">\n<p>Asistentes:<br \/>\n&#8211; Jordi Ludovid I Anglada, Presidente del CSCAE.<br \/>\n&#8211; Laureano Matas Trenas, Arquitecto.<br \/>\n&#8211; Pedro C\u00e1mara Ramos, Arquitecto.<\/p>\n<p><a href=\"http:\/\/www.coajaen.org\/inicio\/programas_radio_reproducir.asp?Numero=20\"><img decoding=\"async\" class=\"margen\" src=\"\/wp-content\/uploads\/OndaCero\/Play.png\" alt=\"\" \/><\/a><\/p>\n<\/div>\n<hr \/>\n<p><a name=\"SR21\"><\/a><br \/>\n<span class=\"date\">4 de abril de de 2014<\/span><\/p>\n<h3>&#8216;Arquitectura y Ciudad Sostenible. Eficiencia Energ\u00e9tica, Rehabilitaci\u00f3n y Mantenimiento&#8217;.<\/h3>\n<div class=\"thumbnail\"><a title=\"'Arquitectura y Ciudad Sostenible. Eficiencia Energ\u00e9tica, Rehabilitaci\u00f3n y Mantenimiento' - 4 de abril de 2014.\" href=\"Imagenes\/21_ProgramaRadio_Foto.jpg\" rel=\"lightbox[roadtrip]\"><br \/>\n<img decoding=\"async\" class=\"margen\" src=\"\/wp-content\/uploads\/OndaCero\/21_ProgramaRadio.jpg\" \/> <\/a><\/div>\n<div class=\"sidethumb\">\n<p>Asistentes:<br \/>\n&#8211; Jos\u00e9 Aranzana L\u00f3pez, Arquitecto.<br \/>\n&#8211; Laureano Matas Trenas, Arquitecto.<br \/>\n&#8211; Pedro C\u00e1mara Ramos, Arquitecto.<\/p>\n<p><a href=\"http:\/\/www.coajaen.org\/inicio\/programas_radio_reproducir.asp?Numero=21\"><img decoding=\"async\" class=\"margen\" src=\"\/wp-content\/uploads\/OndaCero\/Play.png\" alt=\"\" \/><\/a><\/p>\n<\/div>\n<hr \/>\n<p><a name=\"SR22\"><\/a><br \/>\n<span class=\"date\">21 de abril de de 2014<\/span><\/p>\n<h3>&#8216;Arquitectura Industrial &#8211; Mercado de Abastos en la Provincia de Ja\u00e9n&#8217;.<\/h3>\n<div class=\"thumbnail\"><a title=\"'Arquitectura Industrial \u2013 Mercado de Abastos en la Provincia de Ja\u00e9n' - 21 de abril de 2014.\" href=\"Imagenes\/22_ProgramaRadio_Foto.jpg\" rel=\"lightbox[roadtrip]\"><br \/>\n<img decoding=\"async\" class=\"margen\" src=\"\/wp-content\/uploads\/OndaCero\/22_ProgramaRadio.jpg\" \/> <\/a><\/div>\n<div class=\"sidethumb\">\n<p>Asistentes:<br \/>\n&#8211; Pedro A. Galera Andr\u00e9u, Catedr\u00e1tico del Dep. de Patrimonio Hist\u00f3rico de la Universida de Ja\u00e9n.<br \/>\n&#8211; Sheila Palomares Alarc\u00f3n, Arquitecto.<br \/>\n&#8211; Javier Milla L\u00f3pez, Arquitecto.<br \/>\n&#8211; Pedro C\u00e1mara Ramos, Arquitecto.<\/p>\n<p><a href=\"http:\/\/www.coajaen.org\/inicio\/programas_radio_reproducir.asp?Numero=22\"><img decoding=\"async\" class=\"margen\" src=\"\/wp-content\/uploads\/OndaCero\/Play.png\" alt=\"\" \/><\/a><\/p>\n<\/div>\n<hr \/>\n<p><a name=\"SR23\"><\/a><br \/>\n<span class=\"date\">5 de mayo de 2014<\/span><\/p>\n<h3>&#8216;Los Espacios Libres en la Ciudad&#8217;.<\/h3>\n<div class=\"thumbnail\"><a title=\"'Los Espacios Libres en la Ciudad' - 5 de mayo de 2014.\" href=\"Imagenes\/23_ProgramaRadio_Foto.jpg\" rel=\"lightbox[roadtrip]\"><br \/>\n<img decoding=\"async\" class=\"margen\" src=\"\/wp-content\/uploads\/OndaCero\/23_ProgramaRadio.jpg\" \/> <\/a><\/div>\n<div class=\"sidethumb\">\n<p>Asistentes:<br \/>\n&#8211; Manuel Rodr\u00edguez Sanz, Arquitecto.<br \/>\n&#8211; Pablo Carazo Mart\u00ednez de Anguita, Arquitecto.<br \/>\n&#8211; Jes\u00fas Estepa Rubio, Arquitecto.<br \/>\n&#8211; Pedro C\u00e1mara Ramos, Arquitecto.<\/p>\n<p><a href=\"http:\/\/www.coajaen.org\/inicio\/programas_radio_reproducir.asp?Numero=23\"><img decoding=\"async\" class=\"margen\" src=\"\/wp-content\/uploads\/OndaCero\/Play.png\" alt=\"\" \/><\/a><\/p>\n<\/div>\n<hr \/>\n<p><a name=\"SR24\"><\/a><br \/>\n<span class=\"date\">19 de mayo de 2014<\/span><\/p>\n<h3>&#8216;La Arquitectura en el Papel&#8217;.<\/h3>\n<div class=\"thumbnail\"><a title=\"'La Arquitectura en el Papel' - 19 de mayo de 2014.\" href=\"Imagenes\/24_ProgramaRadio_Foto.jpg\" rel=\"lightbox[roadtrip]\"><br \/>\n<img decoding=\"async\" class=\"margen\" src=\"\/wp-content\/uploads\/OndaCero\/24_ProgramaRadio.jpg\" \/> <\/a><\/div>\n<div class=\"sidethumb\">\n<p>Asistentes:<br \/>\n&#8211; Alfonso Rodr\u00edguez M\u00e1rquez, Arquitecto.<br \/>\n&#8211; Fernando Jim\u00e9nez Parras, Arquitecto.<br \/>\n&#8211; Jes\u00fas Estepa Rubio, Arquitecto.<\/p>\n<p><a href=\"http:\/\/www.coajaen.org\/inicio\/programas_radio_reproducir.asp?Numero=24\"><img decoding=\"async\" class=\"margen\" src=\"\/wp-content\/uploads\/OndaCero\/Play.png\" alt=\"\" \/><\/a><\/p>\n<\/div>\n<hr \/>\n<p><a name=\"SR25\"><\/a><br \/>\n<span class=\"date\">9 de junio de 2014<\/span><\/p>\n<h3>&#8216;Tertulia Abierta&#8217;.<\/h3>\n<div class=\"thumbnail\"><a title=\"'Tertulia Abierta' - 9 de junio de 2014.\" href=\"Imagenes\/25_ProgramaRadio_Foto.jpg\" rel=\"lightbox[roadtrip]\"><br \/>\n<img decoding=\"async\" class=\"margen\" src=\"\/wp-content\/uploads\/OndaCero\/25_ProgramaRadio.jpg\" \/> <\/a><\/div>\n<div class=\"sidethumb\">\n<p>Asistentes:<br \/>\n&#8211; Pablo Carazo Mart\u00ednez de Anguita, Arquitecto.<br \/>\n&#8211; Miguel Mart\u00ednez Padilla, Arquitecto.<br \/>\n&#8211; Pedro C\u00e1mara Ramos, Arquitecto.<\/p>\n<p><a href=\"http:\/\/www.coajaen.org\/inicio\/programas_radio_reproducir.asp?Numero=25\"><img decoding=\"async\" class=\"margen\" src=\"\/wp-content\/uploads\/OndaCero\/Play.png\" alt=\"\" \/><\/a><\/p>\n<\/div>\n<hr \/>\n<p><a name=\"SR26\"><\/a><br \/>\n<span class=\"date\">30 de junio de 2014<\/span><\/p>\n<h3>&#8216;El Mantenimiento de los Edificios Vacacionales&#8217;.<\/h3>\n<div class=\"thumbnail\"><a title=\"'El Mantenimiento de los Edificios Vacacionales' - 30 de junio de 2014.\" href=\"Imagenes\/26_ProgramaRadio_Foto.jpg\" rel=\"lightbox[roadtrip]\"><br \/>\n<img decoding=\"async\" class=\"margen\" src=\"\/wp-content\/uploads\/OndaCero\/26_ProgramaRadio.jpg\" \/> <\/a><\/div>\n<div class=\"sidethumb\">\n<p>Asistentes:<br \/>\n&#8211; Pablo Carazo Mart\u00ednez de Anguita, Arquitecto.<br \/>\n&#8211; Miguel Mart\u00ednez Padilla, Arquitecto.<br \/>\n&#8211; Pedro C\u00e1mara Ramos, Arquitecto.<\/p>\n<p><a href=\"http:\/\/www.coajaen.org\/inicio\/programas_radio_reproducir.asp?Numero=26\"><img decoding=\"async\" class=\"margen\" src=\"\/wp-content\/uploads\/OndaCero\/Play.png\" alt=\"\" \/><\/a><\/p>\n<\/div>\n<hr \/>\n<p><a name=\"SR28\"><\/a><br \/>\n<span class=\"date\">20 de octubre de 2014<\/span><\/p>\n<h3>&#8216;El Mantenimiento de los Edificios Comunitarios&#8217;.<\/h3>\n<div class=\"thumbnail\"><a title=\"'El Mantenimiento de los Edificios Comunitarios' - 20 de octubre de 2014.\" href=\"Imagenes\/28_ProgramaRadio_Foto.jpg\" rel=\"lightbox[roadtrip]\"><br \/>\n<img decoding=\"async\" class=\"margen\" src=\"\/wp-content\/uploads\/OndaCero\/28_ProgramaRadio.jpg\" \/> <\/a><\/div>\n<div class=\"sidethumb\">\n<p>Asistentes:<br \/>\n&#8211; Javier Jim\u00e9nez Rodriguez, vocal del Colegio de Administradores de Fincas de Ja\u00e9n.<br \/>\n&#8211; Pedro C\u00e1mara Ramos, Arquitecto.<\/p>\n<p><a href=\"http:\/\/www.coajaen.org\/inicio\/programas_radio_reproducir.asp?Numero=28\"><img decoding=\"async\" class=\"margen\" src=\"\/wp-content\/uploads\/OndaCero\/Play.png\" alt=\"\" \/><\/a><\/p>\n<\/div>\n<hr \/>\n<p><a name=\"SR29\"><\/a><br \/>\n<span class=\"date\">3 de noviembre de 2014<\/span><\/p>\n<h3>&#8216;D\u00eda Mundial de las Ciudades&#8217;.<\/h3>\n<div class=\"thumbnail\"><a title=\"'D\u00eda Mundial de las Ciudades' - 3 de noviembre de 2014.\" href=\"Imagenes\/29_ProgramaRadio_Foto.jpg\" rel=\"lightbox[roadtrip]\"><br \/>\n<img decoding=\"async\" class=\"margen\" src=\"\/wp-content\/uploads\/OndaCero\/29_ProgramaRadio.jpg\" \/> <\/a><\/div>\n<div class=\"sidethumb\">\n<p>Asistentes:<br \/>\n&#8211; Pedro Galera Andreu, Director Consejero del Instituto de Estudios Giennenses y Catedr\u00e1tico de Historia del Arte.<br \/>\n&#8211; Pablo Carazo Mart\u00ednez de Anguita, Arquitecto.<br \/>\n&#8211; Pedro C\u00e1mara Ramos, Arquitecto.<\/p>\n<p><a href=\"http:\/\/www.coajaen.org\/inicio\/programas_radio_reproducir.asp?Numero=29\"><img decoding=\"async\" class=\"margen\" src=\"\/wp-content\/uploads\/OndaCero\/Play.png\" alt=\"\" \/><\/a><\/p>\n<\/div>\n<hr \/>\n<p><a name=\"SR30\"><\/a><br \/>\n<span class=\"date\">17 de noviembre de 2014<\/span><\/p>\n<h3>&#8216;La Accesibilidad en los Edificios Existentes&#8217;.<\/h3>\n<div class=\"thumbnail\"><a title=\"'La Accesibilidad en los Edificios Existentes' - 17 de noviembre de 2014.\" href=\"Imagenes\/30_ProgramaRadio_Foto.jpg\" rel=\"lightbox[roadtrip]\"><br \/>\n<img decoding=\"async\" class=\"margen\" src=\"\/wp-content\/uploads\/OndaCero\/30_ProgramaRadio.jpg\" \/> <\/a><\/div>\n<div class=\"sidethumb\">\n<p>Asistentes:<br \/>\n&#8211; Javier Jim\u00e9nez Rodriguez, vocal del Colegio de Administradores de Fincas de Ja\u00e9n.<br \/>\n&#8211; Pedro C\u00e1mara Ramos, Arquitecto.<br \/>\n&#8211; Javier Milla L\u00f3pez, Arquitecto.<\/p>\n<p><a href=\"http:\/\/www.coajaen.org\/inicio\/programas_radio_reproducir.asp?Numero=30\"><img decoding=\"async\" class=\"margen\" src=\"\/wp-content\/uploads\/OndaCero\/Play.png\" alt=\"\" \/><\/a><\/p>\n<\/div>\n<hr \/>\n<p><a name=\"SR31\"><\/a><br \/>\n<span class=\"date\">1 de diciembre de 2014<\/span><\/p>\n<h3>&#8216;Las viviendas construidas en suelo no urbanizable &#8211; Los AFOs&#8217;.<\/h3>\n<div class=\"thumbnail\"><a title=\"'Las viviendas construidas en suelo no urbanizable, los AFOs - 1 de diciembre de 2014.\" href=\"Imagenes\/31_ProgramaRadio_Foto.jpg\" rel=\"lightbox[roadtrip]\"><br \/>\n<img decoding=\"async\" class=\"margen\" src=\"\/wp-content\/uploads\/OndaCero\/31_ProgramaRadio.jpg\" \/> <\/a><\/div>\n<div class=\"sidethumb\">\n<p>Asistentes:<br \/>\n&#8211; Manuel Rodr\u00edguez Sanz, Arquitecto.<br \/>\n&#8211; Pedro C\u00e1mara Ramos, Arquitecto.<br \/>\n&#8211; Ram\u00f3n Cuenca Montes, Arquitecto.<\/p>\n<p><a href=\"http:\/\/www.coajaen.org\/inicio\/programas_radio_reproducir.asp?Numero=31\"><img decoding=\"async\" class=\"margen\" src=\"\/wp-content\/uploads\/OndaCero\/Play.png\" alt=\"\" \/><\/a><\/p>\n<\/div>\n<hr \/>\n<p><a name=\"SR32\"><\/a><br \/>\n<span class=\"date\">16 de diciembre de 2014<\/span><\/p>\n<h3>&#8216;Las viviendas construidas en suelo no urbanizable &#8211; Los AFOs II&#8217;.<\/h3>\n<div class=\"thumbnail\"><a title=\"'Las viviendas construidas en suelo no urbanizable, los AFOs II - 16 de diciembre de 2014.\" href=\"Imagenes\/32_ProgramaRadio_Foto.jpg\" rel=\"lightbox[roadtrip]\"><br \/>\n<img decoding=\"async\" class=\"margen\" src=\"\/wp-content\/uploads\/OndaCero\/32_ProgramaRadio.jpg\" \/> <\/a><\/div>\n<div class=\"sidethumb\">\n<p>Asistentes:<br \/>\n&#8211; Manuel Rodr\u00edguez Sanz, Arquitecto.<br \/>\n&#8211; Pedro C\u00e1mara Ramos, Arquitecto.<br \/>\n&#8211; Ram\u00f3n Cuenca Montes, Arquitecto.<\/p>\n<p><a href=\"http:\/\/www.coajaen.org\/inicio\/programas_radio_reproducir.asp?Numero=32\"><img decoding=\"async\" class=\"margen\" src=\"\/wp-content\/uploads\/OndaCero\/Play.png\" alt=\"\" \/><\/a><\/p>\n<\/div>\n<hr \/>\n<p><a name=\"SR33\"><\/a><br \/>\n<span class=\"date\">12 de enero de 2015<\/span><\/p>\n<h3>&#8216;Las Obras en los Edificios de Viviendas&#8217;.<\/h3>\n<div class=\"thumbnail\"><a title=\"'Las Obras en los Edificios de Viviendas'.\" href=\"Imagenes\/33_ProgramaRadio_Foto.jpg\" rel=\"lightbox[roadtrip]\"><br \/>\n<img decoding=\"async\" class=\"margen\" src=\"\/wp-content\/uploads\/OndaCero\/33_ProgramaRadio.jpg\" \/> <\/a><\/div>\n<div class=\"sidethumb\">\n<p>Asistentes:<br \/>\n&#8211; Pedro C\u00e1mara Ramos, Arquitecto.<br \/>\n&#8211; Javier Jim\u00e9nez Rodriguez, vocal del Colegio de Administradores de Fincas de Ja\u00e9n.<\/p>\n<p><a href=\"http:\/\/www.coajaen.org\/inicio\/programas_radio_reproducir.asp?Numero=33\"><img decoding=\"async\" class=\"margen\" src=\"\/wp-content\/uploads\/OndaCero\/Play.png\" alt=\"\" \/><\/a><\/p>\n<\/div>\n<hr \/>\n<p><a name=\"SR34\"><\/a><br \/>\n<span class=\"date\">26 de enero de 2015<\/span><\/p>\n<h3>&#8216;Las Obras en los Edificios de Viviendas II&#8217;.<\/h3>\n<div class=\"thumbnail\"><a title=\"'Las Obras en los Edificios de Viviendas II'.\" href=\"Imagenes\/34_ProgramaRadio_Foto.jpg\" rel=\"lightbox[roadtrip]\"><br \/>\n<img decoding=\"async\" class=\"margen\" src=\"\/wp-content\/uploads\/OndaCero\/34_ProgramaRadio.jpg\" \/> <\/a><\/div>\n<div class=\"sidethumb\">\n<p>Asistentes:<br \/>\n&#8211; Pedro C\u00e1mara Ramos, Arquitecto.<br \/>\n&#8211; Javier Jim\u00e9nez Rodriguez, vocal del Colegio de Administradores de Fincas de Ja\u00e9n.<\/p>\n<p><a href=\"http:\/\/www.coajaen.org\/inicio\/programas_radio_reproducir.asp?Numero=34\"><img decoding=\"async\" class=\"margen\" src=\"\/wp-content\/uploads\/OndaCero\/Play.png\" alt=\"\" \/><\/a><\/p>\n<\/div>\n<hr \/>\n<p><a name=\"SR35\"><\/a><br \/>\n<span class=\"date\">9 de febrero de 2015<\/span><\/p>\n<h3>&#8216;Arquitectura Defensiva y Militar en la Provincia de Ja\u00e9n. XXV Concurso de Fotograf\u00eda&#8217;.<\/h3>\n<div class=\"thumbnail\"><a title=\"''Arquitectura Defensiva y Militar en la Provincia de Ja\u00e9n. XXV Concurso de Fotograf\u00eda'.\" href=\"Imagenes\/35_ProgramaRadio_Foto.jpg\" rel=\"lightbox[roadtrip]\"><br \/>\n<img decoding=\"async\" class=\"margen\" src=\"\/wp-content\/uploads\/OndaCero\/35_ProgramaRadio.jpg\" \/> <\/a><\/div>\n<div class=\"sidethumb\">\n<p>Asistentes:<br \/>\n&#8211; Miguel Ruiz Calvente, Historiador del Arte.<br \/>\n&#8211; Pedro C\u00e1mara Ramos, Arquitecto.<br \/>\n&#8211; Javier Milla L\u00f3pez, Arquitecto.<br \/>\n&#8211; Jes\u00fas Estepa Rubio, Arquitecto.<\/p>\n<p><a href=\"http:\/\/www.coajaen.org\/inicio\/programas_radio_reproducir.asp?Numero=35\"><img decoding=\"async\" class=\"margen\" src=\"\/wp-content\/uploads\/OndaCero\/Play.png\" alt=\"\" \/><\/a><\/p>\n<\/div>\n<hr \/>\n<p><a name=\"SR36\"><\/a><br \/>\n<span class=\"date\">23 de febrero de 2015<\/span><\/p>\n<h3>&#8216;Las Piscinas de Uso Colectivo&#8217;.<\/h3>\n<div class=\"thumbnail\"><a title=\"'Las Piscinas de Uso Colectivo'.\" href=\"Imagenes\/36_ProgramaRadio_Foto.jpg\" rel=\"lightbox[roadtrip]\"><br \/>\n<img decoding=\"async\" class=\"margen\" src=\"\/wp-content\/uploads\/OndaCero\/36_ProgramaRadio.jpg\" \/> <\/a><\/div>\n<div class=\"sidethumb\">\n<p>Asistentes:<br \/>\n&#8211; Pedro C\u00e1mara Ramos, Arquitecto.<br \/>\n&#8211; Javier Jim\u00e9nez Rodriguez, vocal del Colegio de Administradores de Fincas de Ja\u00e9n.<\/p>\n<p><a href=\"http:\/\/www.coajaen.org\/inicio\/programas_radio_reproducir.asp?Numero=36\"><img decoding=\"async\" class=\"margen\" src=\"\/wp-content\/uploads\/OndaCero\/Play.png\" alt=\"\" \/><\/a><\/p>\n<\/div>\n<hr \/>\n<p><a name=\"SR37\"><\/a><br \/>\n<span class=\"date\">9 de marzo de 2015<\/span><\/p>\n<h3>&#8216;Colegio Abierto&#8217;.<\/h3>\n<div class=\"thumbnail\"><a title=\"'Colegio Abierto'.\" href=\"Imagenes\/37_ProgramaRadio_Foto.jpg\" rel=\"lightbox[roadtrip]\"><br \/>\n<img decoding=\"async\" class=\"margen\" src=\"\/wp-content\/uploads\/OndaCero\/37_ProgramaRadio.jpg\" \/> <\/a><\/div>\n<div class=\"sidethumb\">\n<p>Asistentes:<br \/>\n&#8211; Laureano Matas Trenas ,Arquitecto.<br \/>\n&#8211; Jes\u00fas Estepa Rubio, Arquitecto.<br \/>\n&#8211; Pedro C\u00e1mara Ramos, Arquitecto.<\/p>\n<p><a href=\"http:\/\/www.coajaen.org\/inicio\/programas_radio_reproducir.asp?Numero=37\"><img decoding=\"async\" class=\"margen\" src=\"\/wp-content\/uploads\/OndaCero\/Play.png\" alt=\"\" \/><\/a><\/p>\n<\/div>\n<hr \/>\n<p><a name=\"SR38\"><\/a><br \/>\n<span class=\"date\">23 de marzo de 2015<\/span><\/p>\n<h3>&#8216;Gu\u00edas de Asesoramiento Ciudadano del Coa Ja\u00e9n&#8217;.<\/h3>\n<div class=\"thumbnail\"><a title=\"'Gu\u00edas de Asesoramiento Ciudadano del Coa Ja\u00e9n'.\" href=\"Imagenes\/38_ProgramaRadio_Foto.jpg\" rel=\"lightbox[roadtrip]\"><br \/>\n<img decoding=\"async\" class=\"margen\" src=\"\/wp-content\/uploads\/OndaCero\/38_ProgramaRadio.jpg\" \/> <\/a><\/div>\n<div class=\"sidethumb\">\n<p>Asistentes:<br \/>\n&#8211; Pablo Carazo Mart\u00ednez de Anguita, Arquitecto.<br \/>\n&#8211; Pedro C\u00e1mara Ramos, Arquitecto.<\/p>\n<p><a href=\"http:\/\/www.coajaen.org\/inicio\/programas_radio_reproducir.asp?Numero=38\"><img decoding=\"async\" class=\"margen\" src=\"\/wp-content\/uploads\/OndaCero\/Play.png\" alt=\"\" \/><\/a><\/p>\n<\/div>\n<hr \/>\n<p><a name=\"SR39\"><\/a><br \/>\n<span class=\"date\">6 de abril de 2015<\/span><\/p>\n<h3>&#8216;Incorporaci\u00f3n de nuevos colegiados al Coa Ja\u00e9n&#8217;.<\/h3>\n<div class=\"thumbnail\"><a title=\"'Incorporaci\u00f3n de nuevos colegiados al Coa Ja\u00e9n'.\" href=\"Imagenes\/39_ProgramaRadio_Foto.jpg\" rel=\"lightbox[roadtrip]\"><br \/>\n<img decoding=\"async\" class=\"margen\" src=\"\/wp-content\/uploads\/OndaCero\/39_ProgramaRadio.jpg\" \/> <\/a><\/div>\n<div class=\"sidethumb\">\n<p>Asistentes:<br \/>\n&#8211; Andr\u00e9s Godoy Ortega, Arquitecto.<br \/>\n&#8211; Gloria S\u00e1nchez Redondo, Arquitecta.<br \/>\n&#8211; Pedro C\u00e1mara Ramos, Arquitecto.<\/p>\n<p><a href=\"http:\/\/www.coajaen.org\/inicio\/programas_radio_reproducir.asp?Numero=39\"><img decoding=\"async\" class=\"margen\" src=\"\/wp-content\/uploads\/OndaCero\/Play.png\" alt=\"\" \/><\/a><\/p>\n<\/div>\n<hr \/>\n<p><a name=\"SR40\"><\/a><br \/>\n<span class=\"date\">20 de abril de 2015<\/span><\/p>\n<h3>&#8216;Premio Provincial de Arquitectura 2015 Andres de Vandelvira&#8217;.<\/h3>\n<div class=\"thumbnail\"><a title=\"'Premio Provincial de Arquitectura 2015 Andres de Vandelvira'.\" href=\"Imagenes\/40_ProgramaRadio_Foto.jpg\" rel=\"lightbox[roadtrip]\"><br \/>\n<img decoding=\"async\" class=\"margen\" src=\"\/wp-content\/uploads\/OndaCero\/40_ProgramaRadio.jpg\" \/> <\/a><\/div>\n<div class=\"sidethumb\">\n<p>Asistentes:<br \/>\n&#8211; Eduardo Duro Almaz\u00e1n, Arquitecto.<br \/>\n&#8211; Luis Carlos Fuentes Ortu\u00f1o, Arquitecto.<br \/>\n&#8211; Germ\u00e1n Bonilla Montijano, Arquitecto.<br \/>\n&#8211; Pablo Carazo Mart\u00ednez de Anguita, Arquitecto.<br \/>\n&#8211; Pedro C\u00e1mara Ramos, Arquitecto.<\/p>\n<p><a href=\"http:\/\/www.coajaen.org\/inicio\/programas_radio_reproducir.asp?Numero=40\"><img decoding=\"async\" class=\"margen\" src=\"\/wp-content\/uploads\/OndaCero\/Play.png\" alt=\"\" \/><\/a><\/p>\n<\/div>\n<hr \/>\n<p><a name=\"SR45\"><\/a><br \/>\n<span class=\"date\">5 de octubre de 2015<\/span><\/p>\n<h3>&#8216;D\u00eda Mundial de la Arquitectura: Arquitectura, Construcci\u00f3n y Clima&#8217;.<\/h3>\n<div class=\"sidethumb\">\n<p>Asistentes:<br \/>\n&#8211; Eduardo Duro Almaz\u00e1n, Arquitecto.<br \/>\n&#8211; Agust\u00edn Toledano Montero, Arquitecto.<br \/>\n&#8211; Rafael Hayas L\u00f3pez, Arquitecto.<\/p>\n<p><a href=\"http:\/\/www.coajaen.org\/inicio\/programas_radio_reproducir.asp?Numero=45\"><img decoding=\"async\" class=\"margen\" src=\"\/wp-content\/uploads\/OndaCero\/Play.png\" alt=\"\" \/><\/a><\/p>\n<\/div>\n<hr \/>\n<p><a name=\"SR48\"><\/a><br \/>\n<span class=\"date\">17 de noviembre de 2015<\/span><\/p>\n<h3>&#8216;Una nueva mirada al tranv\u00eda&#8217;.<\/h3>\n<div class=\"sidethumb\">\n<p>Asistentes:<br \/>\n&#8211; Manuel Rodr\u00edguez Sanz, Arquitecto.<br \/>\n&#8211; Pablo Jes\u00fas Guti\u00e9rrez Calder\u00f3n, Arquitecto.<br \/>\n&#8211; Blas Blanco Mar\u00edn, Arquitecto.<\/p>\n<p><a href=\"http:\/\/www.coajaen.org\/inicio\/programas_radio_reproducir.asp?Numero=48\"><img decoding=\"async\" class=\"margen\" src=\"\/wp-content\/uploads\/OndaCero\/Play.png\" alt=\"\" \/><\/a><\/p>\n<\/div>\n<hr \/>\n<p><a name=\"SR49\"><\/a><br \/>\n<span class=\"date\">1 de diciembre de 2015<\/span><\/p>\n<h3>&#8216;El Arquitecto: Mediador de conflictos&#8217;.<\/h3>\n<div class=\"sidethumb\">\n<p>Asistentes:<br \/>\n&#8211; Emilio S\u00e1nchez Lozano, Arquitecto.<br \/>\n&#8211; Rafael Hayas L\u00f3pez, Arquitecto.<br \/>\n&#8211; Ram\u00f3n Ruiz Ripol, Mediador.<\/p>\n<p><a href=\"http:\/\/www.coajaen.org\/inicio\/programas_radio_reproducir.asp?Numero=49\"><img decoding=\"async\" class=\"margen\" src=\"\/wp-content\/uploads\/OndaCero\/Play.png\" alt=\"\" \/><\/a><\/p>\n<\/div>\n<hr \/>\n<p><a name=\"SR50\"><\/a><br \/>\n<span class=\"date\">15 de diciembre de 2015<\/span><\/p>\n<h3>&#8216;Viviendas: Mantenimiento, ahorro y seguridad durante la Navidad&#8217;<\/h3>\n<div class=\"sidethumb\">\n<p>Asistentes:<br \/>\n&#8211; Laureano Matas Trena, Arquitecto.<br \/>\n&#8211; Jos\u00e9 Aranzana L\u00f3pez, Arquitecto.<br \/>\n&#8211; Jos\u00e9 Ram\u00f3n S\u00e1nchez, Arquitecto.<\/p>\n<p><a href=\"http:\/\/www.coajaen.org\/inicio\/programas_radio_reproducir.asp?Numero=50\"><img decoding=\"async\" class=\"margen\" src=\"\/wp-content\/uploads\/OndaCero\/Play.png\" alt=\"\" \/><\/a><\/p>\n<\/div>\n<hr \/>\n<p><a name=\"SR51\"><\/a><br \/>\n<span class=\"date\">26 de enero de 2016<\/span><\/p>\n<h3>&#8216;Arquitectura y Cooperaci\u00f3n al Desarrollo&#8217;<\/h3>\n<div class=\"thumbnail\"><a title=\"'Arquitectura y Cooperaci\u00f3n al Desarrollo'.\" href=\"Imagenes\/51_ProgramaRadio_Foto.jpg\" rel=\"lightbox[roadtrip]\"><br \/>\n<img decoding=\"async\" class=\"margen\" src=\"\/wp-content\/uploads\/OndaCero\/51_ProgramaRadio.jpg\" \/> <\/a><\/div>\n<div class=\"sidethumb\">\n<p>Asistentes:<br \/>\n&#8211; Alfredo Torres Vallejo, Arquitecto.<br \/>\n&#8211; Noelia Mart\u00ednez Mart\u00ednez, Arquitecta.<br \/>\n&#8211; Basilio Due\u00f1as Rodr\u00edguez, fundador de la ONG \u2018Quesada Solidaria\u2019 y miembro de su junta directiva.<\/p>\n<p><a href=\"http:\/\/www.coajaen.org\/inicio\/programas_radio_reproducir.asp?Numero=51\"><img decoding=\"async\" class=\"margen\" src=\"\/wp-content\/uploads\/OndaCero\/Play.png\" alt=\"\" \/><\/a><\/p>\n<\/div>\n<hr \/>\n<p><a name=\"SR52\"><\/a><br \/>\n<span class=\"date\">9 de febrero de 2016<\/span><\/p>\n<h3>&#8216;Arquitectura y su relaci\u00f3n con el resto de Artes&#8217;<\/h3>\n<div class=\"thumbnail\"><a title=\"'Arquitectura y su relaci\u00f3n con el resto de Artes'.\" href=\"Imagenes\/52_ProgramaRadio_Foto.jpg\" rel=\"lightbox[roadtrip]\"><br \/>\n<img decoding=\"async\" class=\"margen\" src=\"\/wp-content\/uploads\/OndaCero\/52_ProgramaRadio.jpg\" \/> <\/a><\/div>\n<div class=\"sidethumb\">\n<p>Asistentes:<br \/>\n&#8211; Rafael Hayas L\u00f3pez, Arquitecto.<br \/>\n&#8211; In\u00e9s S\u00e1nchez Rojas, Arquitecta.<br \/>\n&#8211; Jos\u00e9 Fern\u00e1ndez R\u00edos, pintor y escultor.<\/p>\n<p><a href=\"http:\/\/www.coajaen.org\/inicio\/programas_radio_reproducir.asp?Numero=52\"><img decoding=\"async\" class=\"margen\" src=\"\/wp-content\/uploads\/OndaCero\/Play.png\" alt=\"\" \/><\/a><\/p>\n<\/div>\n<hr \/>\n<p><a name=\"SR53\"><\/a><br \/>\n<span class=\"date\">23 de febrero de 2016<\/span><\/p>\n<h3>&#8216;Arquitectura Accesible&#8217;<\/h3>\n<div class=\"thumbnail\"><a title=\"'Arquitectura Accesible'\" href=\"Imagenes\/53_ProgramaRadio_Foto.jpg\" rel=\"lightbox[roadtrip]\"><br \/>\n<img decoding=\"async\" class=\"margen\" src=\"\/wp-content\/uploads\/OndaCero\/53_ProgramaRadio.jpg\" \/> <\/a><\/div>\n<div class=\"sidethumb\">\n<p>Asistentes:<br \/>\n&#8211; Rafael Hayas L\u00f3pez, Arquitecto.<br \/>\n&#8211; Javier Milla, Arquitecto.<br \/>\n&#8211; Alexis Mart\u00ednez Zafra, Arquitecto.<\/p>\n<p><a href=\"http:\/\/www.coajaen.org\/inicio\/programas_radio_reproducir.asp?Numero=53\"><img decoding=\"async\" class=\"margen\" src=\"\/wp-content\/uploads\/OndaCero\/Play.png\" alt=\"\" \/><\/a><\/p>\n<\/div>\n<hr \/>\n<p><a name=\"SR54\"><\/a><br \/>\n<span class=\"date\">8 de marzo de 2016<\/span><\/p>\n<h3>&#8216;La Gesti\u00f3n de la Seguridad de las Actividades&#8217;<\/h3>\n<div class=\"sidethumb\">\n<p>Asistentes:<br \/>\n&#8211; Jos\u00e9 Aranzana L\u00f3pez, Arquitecto.<br \/>\n&#8211; Miguel \u00c1ngel Garc\u00eda Barroso, Arquitecto.<\/p>\n<p><a href=\"http:\/\/www.coajaen.org\/inicio\/programas_radio_reproducir.asp?Numero=54\"><img decoding=\"async\" class=\"margen\" src=\"\/wp-content\/uploads\/OndaCero\/Play.png\" alt=\"\" \/><\/a><\/p>\n<\/div>\n<hr \/>\n<p><a name=\"SR55\"><\/a><br \/>\n<span class=\"date\">29 de marzo de 2016<\/span><\/p>\n<h3>&#8216;El Colegio Oficial de Arquitectos de Ja\u00e9n al servicio del ciudadano&#8217;<\/h3>\n<div class=\"sidethumb\">\n<p>Asistentes:<br \/>\n&#8211; Pedro Esteban C\u00e1mara Ramos, Arquitecto.<br \/>\n&#8211; Manuel Rodr\u00edguez Sanz, Arquitecto.<br \/>\n&#8211; Rafael Hayas L\u00f3pez, Arquitecto.<\/p>\n<p><a href=\"http:\/\/www.coajaen.org\/inicio\/programas_radio_reproducir.asp?Numero=55\"><img decoding=\"async\" class=\"margen\" src=\"\/wp-content\/uploads\/OndaCero\/Play.png\" alt=\"\" \/><\/a><\/p>\n<\/div>\n<hr \/>\n<p><a name=\"SR56\"><\/a><br \/>\n<span class=\"date\">12 de abril de 2016<\/span><\/p>\n<h3>&#8216;El P.G.O.U. de Ja\u00e9n&#8217;<\/h3>\n<div class=\"thumbnail\"><a title=\"'El P.G.O.U. de Ja\u00e9n'.\" href=\"Imagenes\/56_ProgramaRadio_Foto.jpg\" rel=\"lightbox[roadtrip]\"><br \/>\n<img decoding=\"async\" class=\"margen\" src=\"\/wp-content\/uploads\/OndaCero\/56_ProgramaRadio.jpg\" \/> <\/a><\/div>\n<div class=\"sidethumb\">\n<p>Asistentes:<br \/>\n&#8211; Pedro C\u00e1mara Ramos, Arquitecto.<br \/>\n&#8211; Miguel Contreras L\u00f3pez, Concejal de Personal, R\u00e9gimen Interior y Comunicaci\u00f3n del Excelent\u00edsimo Ayuntamiento de Ja\u00e9n.<\/p>\n<p><a href=\"http:\/\/www.coajaen.org\/inicio\/programas_radio_reproducir.asp?Numero=56\"><img decoding=\"async\" class=\"margen\" src=\"\/wp-content\/uploads\/OndaCero\/Play.png\" alt=\"\" \/><\/a><\/p>\n<\/div>\n<hr \/>\n<p><a name=\"SR57\"><\/a><br \/>\n<span class=\"date\">10 de mayo de 2016<\/span><\/p>\n<h3>&#8216;PGOU: Estrategias de implantaci\u00f3n de nuevos equipamientos&#8217;<\/h3>\n<div class=\"sidethumb\">\n<p>Asistentes:<br \/>\n&#8211; Laureano Matas Trenas, Arquitecto.<br \/>\n&#8211; Manuel Rodr\u00edguez Sanz, Arquitecto.<br \/>\n&#8211; Rafael Hayas L\u00f3pez, Arquitecto.<br \/>\n&#8211; Ram\u00f3n Luis Carpena Morales, representante Provincial del Colegio de Ingenieros de Caminos, Canales y Puertos en Ja\u00e9n.<\/p>\n<p><a href=\"http:\/\/www.coajaen.org\/inicio\/programas_radio_reproducir.asp?Numero=57\"><img decoding=\"async\" class=\"margen\" src=\"\/wp-content\/uploads\/OndaCero\/Play.png\" alt=\"\" \/><\/a><\/p>\n<\/div>\n<hr \/>\n<p><a name=\"SR58\"><\/a><br \/>\n<span class=\"date\">24 de mayo de 2016<\/span><\/p>\n<h3>El nuevo PGOU, los asentamientos en SNU\u201d.<\/h3>\n<div class=\"sidethumb\">\n<p>Asistentes:<br \/>\n&#8211; Laureano Matas Trenas, Arquitecto.<br \/>\n&#8211; Manuel Rodr\u00edguez Sanz, Arquitecto.<br \/>\n&#8211; Eduardo Molina Maga\u00f1a.<\/p>\n<p><a href=\"http:\/\/www.coajaen.org\/inicio\/programas_radio_reproducir.asp?Numero=58\"><img decoding=\"async\" class=\"margen\" src=\"\/wp-content\/uploads\/OndaCero\/Play.png\" alt=\"\" \/><\/a><\/p>\n<\/div>\n<hr \/>\n<p><a name=\"SR59\"><\/a><br \/>\n<span class=\"date\">7 de junio de 2016<\/span><\/p>\n<h3>&#8216;El PGOU de Ja\u00e9n. Desarrollos residenciales, nuevas tipolog\u00edas&#8217;<\/h3>\n<div class=\"thumbnail\"><a title=\"'El PGOU de Ja\u00e9n. Desarrollos residenciales, nuevas tipolog\u00edas'.\" href=\"Imagenes\/59_ProgramaRadio_Foto.jpg\" rel=\"lightbox[roadtrip]\"><br \/>\n<img decoding=\"async\" class=\"margen\" src=\"\/wp-content\/uploads\/OndaCero\/59_ProgramaRadio.jpg\" \/> <\/a><\/div>\n<div class=\"sidethumb\">\n<p>Asistentes:<br \/>\n&#8211; Laureano Matas Trenas, Arquitecto.<br \/>\n&#8211; Manuel Rodr\u00edguez Sanz, Arquitecto.<br \/>\n<a href=\"http:\/\/www.coajaen.org\/inicio\/programas_radio_reproducir.asp?Numero=59\"><img decoding=\"async\" class=\"margen\" src=\"\/wp-content\/uploads\/OndaCero\/Play.png\" alt=\"\" \/><\/a><\/p>\n<\/div>\n<hr \/>\n<p><a name=\"SR60\"><\/a><br \/>\n<span class=\"date\">21 de junio de 2016<\/span><\/p>\n<h3>&#8216;Presentaci\u00f3n del I Congreso Internacional sobre Patrimonio Arquitect\u00f3nico en la Provincia de Ja\u00e9n&#8217;<\/h3>\n<div class=\"thumbnail\"><a title=\"'Presentaci\u00f3n del I Congreso Internacional sobre Patrimonio Arquitect\u00f3nico en la Provincia de Ja\u00e9n'.\" href=\"Imagenes\/60_ProgramaRadio_Foto.jpg\" rel=\"lightbox[roadtrip]\"><br \/>\n<img decoding=\"async\" class=\"margen\" src=\"\/wp-content\/uploads\/OndaCero\/60_ProgramaRadio.jpg\" \/> <\/a><\/div>\n<div class=\"sidethumb\">\n<p>Asistentes:<br \/>\n&#8211; Pedro Esteban C\u00e1mara Ramos, Decano.<br \/>\n<a href=\"http:\/\/www.coajaen.org\/inicio\/programas_radio_reproducir.asp?Numero=60\"><img decoding=\"async\" class=\"margen\" src=\"\/wp-content\/uploads\/OndaCero\/Play.png\" alt=\"\" \/><\/a><\/p>\n<\/div>\n<hr \/>\n","protected":false},"excerpt":{"rendered":"<p>&nbsp; Programas radiof\u00f3nicos en Onda Cero. Espacio quincenal &#8216;Ciudad Abierta&#8217;. &nbsp; Fecha Tema 23\/04\/2013 Programa inaugural desde el Colegio. 14\/05\/2013 &#8216;La certificaci\u00f3n energ\u00e9tica en el \u00e1mbito de la rehabilitaci\u00f3n de edificios&#8217;. 28\/05\/2013 &#8216;Las legalizaciones de las viviendas diseminadas en suelo no urbanizable&#8217;. 12\/06\/2013 &#8216;La Arquitectura en la Escuela&#8217;. 25\/06\/2013 &#8216;Ley de Servicios Profesiones&#8217;. 02\/07\/2013 &#8216;Inspecci\u00f3n [&hellip;]<\/p>\n","protected":false},"author":1,"featured_media":0,"parent":0,"menu_order":0,"comment_status":"closed","ping_status":"closed","template":"","meta":{"_et_pb_use_builder":"","_et_pb_old_content":"","_et_gb_content_width":"","footnotes":""},"class_list":["post-3513","page","type-page","status-publish","hentry"],"_links":{"self":[{"href":"https:\/\/arquitectosdejaen.es\/index.php?rest_route=\/wp\/v2\/pages\/3513","targetHints":{"allow":["GET"]}}],"collection":[{"href":"https:\/\/arquitectosdejaen.es\/index.php?rest_route=\/wp\/v2\/pages"}],"about":[{"href":"https:\/\/arquitectosdejaen.es\/index.php?rest_route=\/wp\/v2\/types\/page"}],"author":[{"embeddable":true,"href":"https:\/\/arquitectosdejaen.es\/index.php?rest_route=\/wp\/v2\/users\/1"}],"replies":[{"embeddable":true,"href":"https:\/\/arquitectosdejaen.es\/index.php?rest_route=%2Fwp%2Fv2%2Fcomments&post=3513"}],"version-history":[{"count":19,"href":"https:\/\/arquitectosdejaen.es\/index.php?rest_route=\/wp\/v2\/pages\/3513\/revisions"}],"predecessor-version":[{"id":3703,"href":"https:\/\/arquitectosdejaen.es\/index.php?rest_route=\/wp\/v2\/pages\/3513\/revisions\/3703"}],"wp:attachment":[{"href":"https:\/\/arquitectosdejaen.es\/index.php?rest_route=%2Fwp%2Fv2%2Fmedia&parent=3513"}],"curies":[{"name":"wp","href":"https:\/\/api.w.org\/{rel}","templated":true}]}}