{"id":9,"date":"2017-04-28T10:58:11","date_gmt":"2017-04-28T10:58:11","guid":{"rendered":"https:\/\/arquitectosdejaen.es\/?page_id=9"},"modified":"2020-12-02T09:47:40","modified_gmt":"2020-12-02T08:47:40","slug":"ventanilla-unica","status":"publish","type":"page","link":"https:\/\/arquitectosdejaen.es\/?page_id=9","title":{"rendered":"VENTANILLA \u00daNICA"},"content":{"rendered":"<h2 class=\"titulo-oscuro\">Ventanilla \u00danica<\/h2>\n<p>El Colegio Oficial de Arquitectos de Ja\u00e9n (COAJ), adapt\u00e1ndose a la Directiva 2006\/123\/CE del Parlamento Europeo y del Consejo, relativa a los servicios en el mercado interior, y en cumplimiento de lo dispuesto en la Ley 17\/2009, de 23 de noviembre, sobre el libre acceso a las actividades de servicios y su ejercicio, pone a disposici\u00f3n de todos los profesionales y usuarios la Ventanilla \u00danica, que permite acceder a todos los servicios del COAJ por v\u00eda electr\u00f3nica y a distancia, reduciendo de esta manera los tr\u00e1mites y el tiempo invertido en ellos.<\/p>\n<h6><img loading=\"lazy\" decoding=\"async\" width=\"13\" height=\"11\" class=\"size-full wp-image-656 alignleft\" src=\"https:\/\/arquitectosdejaen.es\/wp-content\/uploads\/IconoAbrir.gif\" alt=\"\" \/> <a href=\"https:\/\/arquitectosdejaen.es\/ventanilla-unica\/tramites-colegiales\/\">Tramites Colegiales (sobre Colegiaci\u00f3n y Visado)<\/a><\/h6>\n<p>A trav\u00e9s de este servicio, podr\u00e1 acceder a toda la informaci\u00f3n y formularios necesarios para el acceso a la actividad profesional y su ejercicio. Presentar toda la documentaci\u00f3n y solicitudes necesarias, incluyendo la de colegiaci\u00f3n.<\/p>\n<h6><img loading=\"lazy\" decoding=\"async\" width=\"13\" height=\"11\" class=\"size-full wp-image-656 alignleft\" src=\"https:\/\/arquitectosdejaen.es\/wp-content\/uploads\/IconoAbrir.gif\" alt=\"\" \/> <a href=\"https:\/\/arquitectosdejaen.es\/ventanilla-unica\/listados-arquitectos-especialistas\/\">Listados de Arquitectos Especialistas<\/a><\/h6>\n<p>Se pone a disposici\u00f3n de todos los consumidores y usuarios, el acceso al listado de arquitectos expertos en diferentes especialidades en nuestro \u00e1mbito colegial.<\/p>\n<h6><img loading=\"lazy\" decoding=\"async\" width=\"13\" height=\"11\" class=\"size-full wp-image-656 alignleft\" src=\"https:\/\/arquitectosdejaen.es\/wp-content\/uploads\/IconoAbrir.gif\" alt=\"\" \/> <a href=\"https:\/\/arquitectosdejaen.es\/ventanilla-unica\/registro-de-colegiados\/\">Registro de Colegiados<\/a><\/h6>\n<p>El COAJ pone a disposici\u00f3n de todos los consumidores y usuarios, el acceso al Registro de Colegiados, que estar\u00e1 permanentemente actualizado.<\/p>\n<h6><img loading=\"lazy\" decoding=\"async\" width=\"13\" height=\"11\" class=\"size-full wp-image-656 alignleft\" src=\"https:\/\/arquitectosdejaen.es\/wp-content\/uploads\/IconoAbrir.gif\" alt=\"\" \/> <a href=\"https:\/\/arquitectosdejaen.es\/ventanilla-unica\/registro-sociedades-profesionales\/\">Registro de Sociedades Profesionales<\/a><\/h6>\n<p>En el siguiente enlace, podr\u00e1n acceder al Registro de Sociedades Profesionales del COAJ, que tendr\u00e1 el contenido descrito en el articulo 8 de la Ley 2\/2007, de 15 de marzo, de sociedades profesionales.<\/p>\n<h6><img loading=\"lazy\" decoding=\"async\" width=\"13\" height=\"11\" class=\"size-full wp-image-656 alignleft\" src=\"https:\/\/arquitectosdejaen.es\/wp-content\/uploads\/IconoAbrir.gif\" alt=\"\" \/> <a href=\"https:\/\/www.cscae.com\/vuds\/vucoas.aspx\">Otras Ventanillas \u00danicas<\/a><\/h6>\n<p>Enlace a la Ventanilla \u00danica del Consejo Superior de los Colegios de Arquitectos de Espa\u00f1a, con enlaces a los distintos Colegios.<\/p>\n","protected":false},"excerpt":{"rendered":"<p>Ventanilla \u00danica El Colegio Oficial de Arquitectos de Ja\u00e9n (COAJ), adapt\u00e1ndose a la Directiva 2006\/123\/CE del Parlamento Europeo y del Consejo, relativa a los servicios en el mercado interior, y en cumplimiento de lo dispuesto en la Ley 17\/2009, de 23 de noviembre, sobre el libre acceso a las actividades de servicios y su ejercicio, [&hellip;]<\/p>\n","protected":false},"author":1,"featured_media":0,"parent":0,"menu_order":0,"comment_status":"closed","ping_status":"closed","template":"","meta":{"_et_pb_use_builder":"","_et_pb_old_content":"","_et_gb_content_width":"","footnotes":""},"class_list":["post-9","page","type-page","status-publish","hentry"],"_links":{"self":[{"href":"https:\/\/arquitectosdejaen.es\/index.php?rest_route=\/wp\/v2\/pages\/9","targetHints":{"allow":["GET"]}}],"collection":[{"href":"https:\/\/arquitectosdejaen.es\/index.php?rest_route=\/wp\/v2\/pages"}],"about":[{"href":"https:\/\/arquitectosdejaen.es\/index.php?rest_route=\/wp\/v2\/types\/page"}],"author":[{"embeddable":true,"href":"https:\/\/arquitectosdejaen.es\/index.php?rest_route=\/wp\/v2\/users\/1"}],"replies":[{"embeddable":true,"href":"https:\/\/arquitectosdejaen.es\/index.php?rest_route=%2Fwp%2Fv2%2Fcomments&post=9"}],"version-history":[{"count":18,"href":"https:\/\/arquitectosdejaen.es\/index.php?rest_route=\/wp\/v2\/pages\/9\/revisions"}],"predecessor-version":[{"id":4011,"href":"https:\/\/arquitectosdejaen.es\/index.php?rest_route=\/wp\/v2\/pages\/9\/revisions\/4011"}],"wp:attachment":[{"href":"https:\/\/arquitectosdejaen.es\/index.php?rest_route=%2Fwp%2Fv2%2Fmedia&parent=9"}],"curies":[{"name":"wp","href":"https:\/\/api.w.org\/{rel}","templated":true}]}}